{"id":7124,"date":"2024-06-10T07:00:40","date_gmt":"2024-06-10T06:00:40","guid":{"rendered":"https:\/\/safetyfirst.ch\/leistungskatalog\/"},"modified":"2025-12-08T13:37:07","modified_gmt":"2025-12-08T12:37:07","slug":"leistungskatalog","status":"publish","type":"page","link":"https:\/\/safetyfirst.ch\/de\/leistungskatalog\/","title":{"rendered":"Leistungskatalog"},"content":{"rendered":"\t\t<div data-elementor-type=\"wp-page\" data-elementor-id=\"7124\" class=\"elementor elementor-7124 elementor-1388\" data-elementor-post-type=\"page\">\n\t\t\t\t<div class=\"elementor-element elementor-element-e7cf5c3 e-flex e-con-boxed e-con e-parent\" data-id=\"e7cf5c3\" data-element_type=\"container\" data-e-type=\"container\">\n\t\t\t\t\t<div class=\"e-con-inner\">\n\t\t\t\t<div class=\"elementor-element elementor-element-fa4bd20 elementor-widget elementor-widget-shortcode\" data-id=\"fa4bd20\" data-element_type=\"widget\" data-e-type=\"widget\" data-widget_type=\"shortcode.default\">\n\t\t\t\t<div class=\"elementor-widget-container\">\n\t\t\t\t\t\t\t<div class=\"elementor-shortcode\">\t\t<div data-elementor-type=\"container\" data-elementor-id=\"7113\" class=\"elementor elementor-7113 elementor-911 elementor-911\" data-elementor-post-type=\"elementor_library\">\n\t\t\t\t<div class=\"elementor-element elementor-element-75b01e1 elementor-hidden-mobile e-flex e-con-boxed e-con e-parent\" data-id=\"75b01e1\" data-element_type=\"container\" data-e-type=\"container\" data-settings=\"{&quot;background_background&quot;:&quot;classic&quot;}\">\n\t\t\t\t\t<div class=\"e-con-inner\">\n\t\t<div class=\"elementor-element elementor-element-1913e9a e-con-full e-flex e-con e-child\" data-id=\"1913e9a\" data-element_type=\"container\" data-e-type=\"container\">\n\t\t\t\t<div class=\"elementor-element elementor-element-d085817 elementor-widget elementor-widget-counter\" data-id=\"d085817\" data-element_type=\"widget\" data-e-type=\"widget\" data-widget_type=\"counter.default\">\n\t\t\t\t<div class=\"elementor-widget-container\">\n\t\t\t\t\t\t\t<div class=\"elementor-counter\">\n\t\t\t\t\t\t<div class=\"elementor-counter-number-wrapper\">\n\t\t\t\t<span class=\"elementor-counter-number-prefix\">+<\/span>\n\t\t\t\t<span class=\"elementor-counter-number\" data-duration=\"2000\" data-to-value=\"15\" data-from-value=\"0\" data-delimiter=\",\">0<\/span>\n\t\t\t\t<span class=\"elementor-counter-number-suffix\"><\/span>\n\t\t\t<\/div>\n\t\t<\/div>\n\t\t\t\t\t\t<\/div>\n\t\t\t\t<\/div>\n\t\t\t\t<div class=\"elementor-element elementor-element-123d9fb elementor-widget elementor-widget-image-box\" data-id=\"123d9fb\" data-element_type=\"widget\" data-e-type=\"widget\" data-widget_type=\"image-box.default\">\n\t\t\t\t<div class=\"elementor-widget-container\">\n\t\t\t\t\t<div class=\"elementor-image-box-wrapper\"><div class=\"elementor-image-box-content\"><p class=\"elementor-image-box-description\">Zertifizierte Ausbildner, bereit zur Durchf\u00fchrung der Schulungen.<\/p><\/div><\/div>\t\t\t\t<\/div>\n\t\t\t\t<\/div>\n\t\t\t\t<\/div>\n\t\t<div class=\"elementor-element elementor-element-8557fa8 e-con-full e-flex e-con e-child\" data-id=\"8557fa8\" data-element_type=\"container\" data-e-type=\"container\">\n\t\t\t\t<div class=\"elementor-element elementor-element-b6d26c4 elementor-widget elementor-widget-counter\" data-id=\"b6d26c4\" data-element_type=\"widget\" data-e-type=\"widget\" data-widget_type=\"counter.default\">\n\t\t\t\t<div class=\"elementor-widget-container\">\n\t\t\t\t\t\t\t<div class=\"elementor-counter\">\n\t\t\t\t\t\t<div class=\"elementor-counter-number-wrapper\">\n\t\t\t\t<span class=\"elementor-counter-number-prefix\"><\/span>\n\t\t\t\t<span class=\"elementor-counter-number\" data-duration=\"2000\" data-to-value=\"97\" data-from-value=\"0\" data-delimiter=\",\">0<\/span>\n\t\t\t\t<span class=\"elementor-counter-number-suffix\">%<\/span>\n\t\t\t<\/div>\n\t\t<\/div>\n\t\t\t\t\t\t<\/div>\n\t\t\t\t<\/div>\n\t\t\t\t<div class=\"elementor-element elementor-element-e62b4da elementor-widget elementor-widget-image-box\" data-id=\"e62b4da\" data-element_type=\"widget\" data-e-type=\"widget\" data-widget_type=\"image-box.default\">\n\t\t\t\t<div class=\"elementor-widget-container\">\n\t\t\t\t\t<div class=\"elementor-image-box-wrapper\"><div class=\"elementor-image-box-content\"><p class=\"elementor-image-box-description\">Erfolgsquote der Teilnehmenden an den Schulungen.<\/p><\/div><\/div>\t\t\t\t<\/div>\n\t\t\t\t<\/div>\n\t\t\t\t<\/div>\n\t\t<div class=\"elementor-element elementor-element-cb204b3 e-con-full e-flex e-con e-child\" data-id=\"cb204b3\" data-element_type=\"container\" data-e-type=\"container\">\n\t\t\t\t<div class=\"elementor-element elementor-element-f74f13b elementor-widget elementor-widget-counter\" data-id=\"f74f13b\" data-element_type=\"widget\" data-e-type=\"widget\" data-widget_type=\"counter.default\">\n\t\t\t\t<div class=\"elementor-widget-container\">\n\t\t\t\t\t\t\t<div class=\"elementor-counter\">\n\t\t\t\t\t\t<div class=\"elementor-counter-number-wrapper\">\n\t\t\t\t<span class=\"elementor-counter-number-prefix\"><\/span>\n\t\t\t\t<span class=\"elementor-counter-number\" data-duration=\"2000\" data-to-value=\"5\" data-from-value=\"0\" data-delimiter=\",\">0<\/span>\n\t\t\t\t<span class=\"elementor-counter-number-suffix\">\/5<\/span>\n\t\t\t<\/div>\n\t\t<\/div>\n\t\t\t\t\t\t<\/div>\n\t\t\t\t<\/div>\n\t\t\t\t<div class=\"elementor-element elementor-element-e819c7a elementor-widget elementor-widget-image-box\" data-id=\"e819c7a\" data-element_type=\"widget\" data-e-type=\"widget\" data-widget_type=\"image-box.default\">\n\t\t\t\t<div class=\"elementor-widget-container\">\n\t\t\t\t\t<div class=\"elementor-image-box-wrapper\"><div class=\"elementor-image-box-content\"><p class=\"elementor-image-box-description\">Durschnittliche Bewertung von den teilnehmenden<\/p><\/div><\/div>\t\t\t\t<\/div>\n\t\t\t\t<\/div>\n\t\t\t\t<\/div>\n\t\t<div class=\"elementor-element elementor-element-5dc9028 e-con-full e-flex e-con e-child\" data-id=\"5dc9028\" data-element_type=\"container\" data-e-type=\"container\">\n\t\t\t\t<div class=\"elementor-element elementor-element-3ddcd31 elementor-widget elementor-widget-counter\" data-id=\"3ddcd31\" data-element_type=\"widget\" data-e-type=\"widget\" data-widget_type=\"counter.default\">\n\t\t\t\t<div class=\"elementor-widget-container\">\n\t\t\t\t\t\t\t<div class=\"elementor-counter\">\n\t\t\t\t\t\t<div class=\"elementor-counter-number-wrapper\">\n\t\t\t\t<span class=\"elementor-counter-number-prefix\">+<\/span>\n\t\t\t\t<span class=\"elementor-counter-number\" data-duration=\"2000\" data-to-value=\"300\" data-from-value=\"0\" data-delimiter=\",\">0<\/span>\n\t\t\t\t<span class=\"elementor-counter-number-suffix\"><\/span>\n\t\t\t<\/div>\n\t\t<\/div>\n\t\t\t\t\t\t<\/div>\n\t\t\t\t<\/div>\n\t\t\t\t<div class=\"elementor-element elementor-element-683d8a1 elementor-widget elementor-widget-image-box\" data-id=\"683d8a1\" data-element_type=\"widget\" data-e-type=\"widget\" data-widget_type=\"image-box.default\">\n\t\t\t\t<div class=\"elementor-widget-container\">\n\t\t\t\t\t<div class=\"elementor-image-box-wrapper\"><div class=\"elementor-image-box-content\"><p class=\"elementor-image-box-description\">Unternehmen, die in Sicherheit und Gesundheitsschutz am Arbeitsplatz geschult wurden.<\/p><\/div><\/div>\t\t\t\t<\/div>\n\t\t\t\t<\/div>\n\t\t\t\t<\/div>\n\t\t\t\t\t<\/div>\n\t\t\t\t<\/div>\n\t\t<div class=\"elementor-element elementor-element-74c5165 e-con-full elementor-hidden-desktop elementor-hidden-tablet e-flex e-con e-parent\" data-id=\"74c5165\" data-element_type=\"container\" data-e-type=\"container\" data-settings=\"{&quot;background_background&quot;:&quot;classic&quot;}\">\n\t\t<div class=\"elementor-element elementor-element-20783bc e-con-full e-flex e-con e-child\" data-id=\"20783bc\" data-element_type=\"container\" data-e-type=\"container\">\n\t\t\t\t<div class=\"elementor-element elementor-element-e88e7f7 elementor-widget elementor-widget-counter\" data-id=\"e88e7f7\" data-element_type=\"widget\" data-e-type=\"widget\" data-widget_type=\"counter.default\">\n\t\t\t\t<div class=\"elementor-widget-container\">\n\t\t\t\t\t\t\t<div class=\"elementor-counter\">\n\t\t\t\t\t\t<div class=\"elementor-counter-number-wrapper\">\n\t\t\t\t<span class=\"elementor-counter-number-prefix\">+<\/span>\n\t\t\t\t<span class=\"elementor-counter-number\" data-duration=\"2000\" data-to-value=\"15\" data-from-value=\"0\" data-delimiter=\",\">0<\/span>\n\t\t\t\t<span class=\"elementor-counter-number-suffix\"><\/span>\n\t\t\t<\/div>\n\t\t<\/div>\n\t\t\t\t\t\t<\/div>\n\t\t\t\t<\/div>\n\t\t\t\t<div class=\"elementor-element elementor-element-69e73b4 elementor-widget elementor-widget-image-box\" data-id=\"69e73b4\" data-element_type=\"widget\" data-e-type=\"widget\" data-widget_type=\"image-box.default\">\n\t\t\t\t<div class=\"elementor-widget-container\">\n\t\t\t\t\t<div class=\"elementor-image-box-wrapper\"><div class=\"elementor-image-box-content\"><p class=\"elementor-image-box-description\">Zertifizierte Ausbildner, bereit zur Durchf\u00fchrung der Schulungen.<\/p><\/div><\/div>\t\t\t\t<\/div>\n\t\t\t\t<\/div>\n\t\t\t\t<\/div>\n\t\t<div class=\"elementor-element elementor-element-6d4d25d e-con-full e-flex e-con e-child\" data-id=\"6d4d25d\" data-element_type=\"container\" data-e-type=\"container\">\n\t\t\t\t<div class=\"elementor-element elementor-element-cffe379 elementor-widget elementor-widget-counter\" data-id=\"cffe379\" data-element_type=\"widget\" data-e-type=\"widget\" data-widget_type=\"counter.default\">\n\t\t\t\t<div class=\"elementor-widget-container\">\n\t\t\t\t\t\t\t<div class=\"elementor-counter\">\n\t\t\t\t\t\t<div class=\"elementor-counter-number-wrapper\">\n\t\t\t\t<span class=\"elementor-counter-number-prefix\"><\/span>\n\t\t\t\t<span class=\"elementor-counter-number\" data-duration=\"2000\" data-to-value=\"97\" data-from-value=\"0\" data-delimiter=\",\">0<\/span>\n\t\t\t\t<span class=\"elementor-counter-number-suffix\">%<\/span>\n\t\t\t<\/div>\n\t\t<\/div>\n\t\t\t\t\t\t<\/div>\n\t\t\t\t<\/div>\n\t\t\t\t<div class=\"elementor-element elementor-element-d97386f elementor-widget elementor-widget-image-box\" data-id=\"d97386f\" data-element_type=\"widget\" data-e-type=\"widget\" data-widget_type=\"image-box.default\">\n\t\t\t\t<div class=\"elementor-widget-container\">\n\t\t\t\t\t<div class=\"elementor-image-box-wrapper\"><div class=\"elementor-image-box-content\"><p class=\"elementor-image-box-description\">Erfolgsquote der Teilnehmenden an den Schulungen.<\/p><\/div><\/div>\t\t\t\t<\/div>\n\t\t\t\t<\/div>\n\t\t\t\t<\/div>\n\t\t\t\t<\/div>\n\t\t<div class=\"elementor-element elementor-element-e59905f e-con-full elementor-hidden-desktop elementor-hidden-tablet e-flex e-con e-parent\" data-id=\"e59905f\" data-element_type=\"container\" data-e-type=\"container\" data-settings=\"{&quot;background_background&quot;:&quot;classic&quot;}\">\n\t\t<div class=\"elementor-element elementor-element-62f7424 e-con-full e-flex e-con e-child\" data-id=\"62f7424\" data-element_type=\"container\" data-e-type=\"container\">\n\t\t\t\t<div class=\"elementor-element elementor-element-478d0b9 elementor-widget elementor-widget-counter\" data-id=\"478d0b9\" data-element_type=\"widget\" data-e-type=\"widget\" data-widget_type=\"counter.default\">\n\t\t\t\t<div class=\"elementor-widget-container\">\n\t\t\t\t\t\t\t<div class=\"elementor-counter\">\n\t\t\t\t\t\t<div class=\"elementor-counter-number-wrapper\">\n\t\t\t\t<span class=\"elementor-counter-number-prefix\"><\/span>\n\t\t\t\t<span class=\"elementor-counter-number\" data-duration=\"2000\" data-to-value=\"5\" data-from-value=\"0\" data-delimiter=\",\">0<\/span>\n\t\t\t\t<span class=\"elementor-counter-number-suffix\">\/5<\/span>\n\t\t\t<\/div>\n\t\t<\/div>\n\t\t\t\t\t\t<\/div>\n\t\t\t\t<\/div>\n\t\t\t\t<div class=\"elementor-element elementor-element-57732b8 elementor-widget elementor-widget-image-box\" data-id=\"57732b8\" data-element_type=\"widget\" data-e-type=\"widget\" data-widget_type=\"image-box.default\">\n\t\t\t\t<div class=\"elementor-widget-container\">\n\t\t\t\t\t<div class=\"elementor-image-box-wrapper\"><div class=\"elementor-image-box-content\"><p class=\"elementor-image-box-description\">Durchschnittliche Bewertung durch die Teilnehmenden.<\/p><\/div><\/div>\t\t\t\t<\/div>\n\t\t\t\t<\/div>\n\t\t\t\t<\/div>\n\t\t<div class=\"elementor-element elementor-element-7fea5ed e-con-full e-flex e-con e-child\" data-id=\"7fea5ed\" data-element_type=\"container\" data-e-type=\"container\">\n\t\t\t\t<div class=\"elementor-element elementor-element-931ba57 elementor-widget elementor-widget-counter\" data-id=\"931ba57\" data-element_type=\"widget\" data-e-type=\"widget\" data-widget_type=\"counter.default\">\n\t\t\t\t<div class=\"elementor-widget-container\">\n\t\t\t\t\t\t\t<div class=\"elementor-counter\">\n\t\t\t\t\t\t<div class=\"elementor-counter-number-wrapper\">\n\t\t\t\t<span class=\"elementor-counter-number-prefix\">+<\/span>\n\t\t\t\t<span class=\"elementor-counter-number\" data-duration=\"2000\" data-to-value=\"300\" data-from-value=\"0\" data-delimiter=\",\">0<\/span>\n\t\t\t\t<span class=\"elementor-counter-number-suffix\"><\/span>\n\t\t\t<\/div>\n\t\t<\/div>\n\t\t\t\t\t\t<\/div>\n\t\t\t\t<\/div>\n\t\t\t\t<div class=\"elementor-element elementor-element-8daf36c elementor-widget elementor-widget-image-box\" data-id=\"8daf36c\" data-element_type=\"widget\" data-e-type=\"widget\" data-widget_type=\"image-box.default\">\n\t\t\t\t<div class=\"elementor-widget-container\">\n\t\t\t\t\t<div class=\"elementor-image-box-wrapper\"><div class=\"elementor-image-box-content\"><p class=\"elementor-image-box-description\">Unternehmen, die in Sicherheit und Gesundheitsschutz am Arbeitsplatz geschult wurden.<\/p><\/div><\/div>\t\t\t\t<\/div>\n\t\t\t\t<\/div>\n\t\t\t\t<\/div>\n\t\t\t\t<\/div>\n\t\t\t\t<\/div>\n\t\t<\/div>\n\t\t\t\t\t\t<\/div>\n\t\t\t\t<\/div>\n\t\t\t\t\t<\/div>\n\t\t\t\t<\/div>\n\t\t<div class=\"elementor-element elementor-element-571b3cc e-flex e-con-boxed e-con e-parent\" data-id=\"571b3cc\" data-element_type=\"container\" data-e-type=\"container\">\n\t\t\t\t\t<div class=\"e-con-inner\">\n\t\t\t\t<div class=\"elementor-element elementor-element-a433a46 elementor-widget-divider--view-line elementor-widget elementor-widget-divider\" data-id=\"a433a46\" data-element_type=\"widget\" data-e-type=\"widget\" data-widget_type=\"divider.default\">\n\t\t\t\t<div class=\"elementor-widget-container\">\n\t\t\t\t\t\t\t<div class=\"elementor-divider\">\n\t\t\t<span class=\"elementor-divider-separator\">\n\t\t\t\t\t\t<\/span>\n\t\t<\/div>\n\t\t\t\t\t\t<\/div>\n\t\t\t\t<\/div>\n\t\t\t\t<div class=\"elementor-element elementor-element-2288b87 elementor-widget elementor-widget-heading\" data-id=\"2288b87\" data-element_type=\"widget\" data-e-type=\"widget\" data-widget_type=\"heading.default\">\n\t\t\t\t<div class=\"elementor-widget-container\">\n\t\t\t\t\t<h1 class=\"elementor-heading-title elementor-size-default\">Formationen<\/h1>\t\t\t\t<\/div>\n\t\t\t\t<\/div>\n\t\t\t\t<div class=\"elementor-element elementor-element-45559e7 elementor-widget elementor-widget-text-editor\" data-id=\"45559e7\" data-element_type=\"widget\" data-e-type=\"widget\" data-widget_type=\"text-editor.default\">\n\t\t\t\t<div class=\"elementor-widget-container\">\n\t\t\t\t\t\t\t\t\t<p style=\"text-align: center;\">Ein umfassendes Angebot an Schulungen zur Vertiefung Ihrer Kenntnisse in Sicherheit und Erster Hilfe.<br><br><\/p>\t\t\t\t\t\t\t\t<\/div>\n\t\t\t\t<\/div>\n\t\t\t\t\t<\/div>\n\t\t\t\t<\/div>\n\t\t<div class=\"elementor-element elementor-element-4dca2f5 e-con-full elementor-hidden-desktop elementor-hidden-tablet elementor-hidden-mobile e-flex e-con e-parent\" data-id=\"4dca2f5\" data-element_type=\"container\" data-e-type=\"container\" data-settings=\"{&quot;background_background&quot;:&quot;classic&quot;}\">\n\t\t\t\t<div class=\"elementor-element elementor-element-a04fe48 elementor-cta--skin-cover elementor-cta--valign-top elementor-bg-transform elementor-bg-transform-zoom-out elementor-widget__width-initial elementor-cta--sequenced-animation elementor-animated-content elementor-widget elementor-widget-call-to-action\" data-id=\"a04fe48\" data-element_type=\"widget\" data-e-type=\"widget\" data-widget_type=\"call-to-action.default\">\n\t\t\t\t<div class=\"elementor-widget-container\">\n\t\t\t\t\t\t\t<a class=\"elementor-cta\" href=\"https:\/\/safetyfirst.ch\/de\/zertifizierte-erste-hilfe-ausbildungen\/bls-aed-src-komplettkurs\/\">\n\t\t\t\t\t<div class=\"elementor-cta__bg-wrapper\">\n\t\t\t\t<div class=\"elementor-cta__bg elementor-bg\" style=\"background-image: url(https:\/\/safetyfirst.ch\/wp-content\/uploads\/2024\/04\/SafetyFirst-Formation-BLS-AED-SRC-complet-suisse-romande.webp);\" role=\"img\" aria-label=\"SafetyFirst - Formation BLS-AED-SRC complet suisse romande\"><\/div>\n\t\t\t\t<div class=\"elementor-cta__bg-overlay\"><\/div>\n\t\t\t<\/div>\n\t\t\t\t\t\t\t<div class=\"elementor-cta__content\">\n\t\t\t\t\n\t\t\t\t\t\t\t\t\t<span class=\"elementor-cta__title elementor-cta__content-item elementor-content-item elementor-animated-item--grow\">\n\t\t\t\t\t\tBLS AED SRC\t\t\t\t\t<\/span>\n\t\t\t\t\n\t\t\t\t\t\t\t\t\t<div class=\"elementor-cta__description elementor-cta__content-item elementor-content-item elementor-animated-item--grow\">\n\t\t\t\t\t\tLernen Sie Reanimation und Defibrillation mit zertifizierten SRC-Experten.<br><br>\t\t\t\t\t<\/div>\n\t\t\t\t\n\t\t\t\t\t\t\t\t\t<div class=\"elementor-cta__button-wrapper elementor-cta__content-item elementor-content-item elementor-animated-item--grow\">\n\t\t\t\t\t<span class=\"elementor-cta__button elementor-button elementor-size-md\">\n\t\t\t\t\t\tDetails zur Ausbildung\t\t\t\t\t<\/span>\n\t\t\t\t\t<\/div>\n\t\t\t\t\t\t\t<\/div>\n\t\t\t\t\t\t<\/a>\n\t\t\t\t\t\t<\/div>\n\t\t\t\t<\/div>\n\t\t\t\t<div class=\"elementor-element elementor-element-1b9a2de elementor-cta--skin-cover elementor-cta--valign-top elementor-bg-transform elementor-bg-transform-zoom-out elementor-widget__width-initial elementor-cta--sequenced-animation elementor-animated-content elementor-widget elementor-widget-call-to-action\" data-id=\"1b9a2de\" data-element_type=\"widget\" data-e-type=\"widget\" data-widget_type=\"call-to-action.default\">\n\t\t\t\t<div class=\"elementor-widget-container\">\n\t\t\t\t\t\t\t<a class=\"elementor-cta\" href=\"https:\/\/safetyfirst.ch\/de\/zertifizierte-erste-hilfe-ausbildungen\/ias-1-schulung-zertifizierung-in-notfallmanagement-und-arbeitssicherheit\/\">\n\t\t\t\t\t<div class=\"elementor-cta__bg-wrapper\">\n\t\t\t\t<div class=\"elementor-cta__bg elementor-bg\" style=\"background-image: url(https:\/\/safetyfirst.ch\/wp-content\/uploads\/2024\/03\/SafetyFirst-Sarl-Classe-de-formation-BLS-AED-certifie-SRC-Premiers-secours-suisse-romande.png);\" role=\"img\" aria-label=\"SafetyFirst-Sarl-Classe-de-formation-BLS-AED-certifie-SRC-Premiers-secours-suisse-romande.png\"><\/div>\n\t\t\t\t<div class=\"elementor-cta__bg-overlay\"><\/div>\n\t\t\t<\/div>\n\t\t\t\t\t\t\t<div class=\"elementor-cta__content\">\n\t\t\t\t\n\t\t\t\t\t\t\t\t\t<span class=\"elementor-cta__title elementor-cta__content-item elementor-content-item elementor-animated-item--grow\">\n\t\t\t\t\t\tIAS 1\t\t\t\t\t<\/span>\n\t\t\t\t\n\t\t\t\t\t\t\t\t\t<div class=\"elementor-cta__description elementor-cta__content-item elementor-content-item elementor-animated-item--grow\">\n\t\t\t\t\t\tErlernen Sie den effizienten Umgang mit Notf\u00e4llen und Erster Hilfe.<br><br>\t\t\t\t\t<\/div>\n\t\t\t\t\n\t\t\t\t\t\t\t\t\t<div class=\"elementor-cta__button-wrapper elementor-cta__content-item elementor-content-item elementor-animated-item--grow\">\n\t\t\t\t\t<span class=\"elementor-cta__button elementor-button elementor-size-md\">\n\t\t\t\t\t\tDetails zur Ausbildung\t\t\t\t\t<\/span>\n\t\t\t\t\t<\/div>\n\t\t\t\t\t\t\t<\/div>\n\t\t\t\t\t\t<\/a>\n\t\t\t\t\t\t<\/div>\n\t\t\t\t<\/div>\n\t\t\t\t<div class=\"elementor-element elementor-element-676317b elementor-cta--skin-cover elementor-cta--valign-top elementor-bg-transform elementor-bg-transform-zoom-out elementor-widget__width-initial elementor-cta--sequenced-animation elementor-animated-content elementor-widget elementor-widget-call-to-action\" data-id=\"676317b\" data-element_type=\"widget\" data-e-type=\"widget\" data-widget_type=\"call-to-action.default\">\n\t\t\t\t<div class=\"elementor-widget-container\">\n\t\t\t\t\t\t\t<a class=\"elementor-cta\" href=\"https:\/\/safetyfirst.ch\/de\/leistungskatalog\/bls-aed-src-trauma-ausbildung\/\">\n\t\t\t\t\t<div class=\"elementor-cta__bg-wrapper\">\n\t\t\t\t<div class=\"elementor-cta__bg elementor-bg\" style=\"background-image: url(https:\/\/safetyfirst.ch\/wp-content\/uploads\/2024\/04\/SafetyFirst-Formation-BLS-AED-SRC-Master-conforme-article-36-OLT-3-en-suisse-romande.webp);\" role=\"img\" aria-label=\"SafetyFirst - Formation BLS-AED-SRC Master conforme article 36 OLT 3 en suisse romande\"><\/div>\n\t\t\t\t<div class=\"elementor-cta__bg-overlay\"><\/div>\n\t\t\t<\/div>\n\t\t\t\t\t\t\t<div class=\"elementor-cta__content\">\n\t\t\t\t\n\t\t\t\t\t\t\t\t\t<span class=\"elementor-cta__title elementor-cta__content-item elementor-content-item elementor-animated-item--grow\">\n\t\t\t\t\t\tBLS AED SRC Trauma\t\t\t\t\t<\/span>\n\t\t\t\t\n\t\t\t\t\t\t\t\t\t<div class=\"elementor-cta__description elementor-cta__content-item elementor-content-item elementor-animated-item--grow\">\n\t\t\t\t\t\tPraxisnahe Schulung in erweiterter Reanimation und Notfallmanagement.<br><br>\t\t\t\t\t<\/div>\n\t\t\t\t\n\t\t\t\t\t\t\t\t\t<div class=\"elementor-cta__button-wrapper elementor-cta__content-item elementor-content-item elementor-animated-item--grow\">\n\t\t\t\t\t<span class=\"elementor-cta__button elementor-button elementor-size-md\">\n\t\t\t\t\t\tDetails zur Ausbildung\t\t\t\t\t<\/span>\n\t\t\t\t\t<\/div>\n\t\t\t\t\t\t\t<\/div>\n\t\t\t\t\t\t<\/a>\n\t\t\t\t\t\t<\/div>\n\t\t\t\t<\/div>\n\t\t\t\t<div class=\"elementor-element elementor-element-ebc0f92 elementor-cta--skin-cover elementor-cta--valign-top elementor-bg-transform elementor-bg-transform-zoom-out elementor-widget__width-initial elementor-cta--sequenced-animation elementor-animated-content elementor-widget elementor-widget-call-to-action\" data-id=\"ebc0f92\" data-element_type=\"widget\" data-e-type=\"widget\" data-widget_type=\"call-to-action.default\">\n\t\t\t\t<div class=\"elementor-widget-container\">\n\t\t\t\t\t\t\t<a class=\"elementor-cta\" href=\"https:\/\/safetyfirst.ch\/de\/leistungskatalog\/ias-2-erste-hilfe-in-kritischen-situationen\/\">\n\t\t\t\t\t<div class=\"elementor-cta__bg-wrapper\">\n\t\t\t\t<div class=\"elementor-cta__bg elementor-bg\" style=\"background-image: url();\" role=\"img\" aria-label=\"\"><\/div>\n\t\t\t\t<div class=\"elementor-cta__bg-overlay\"><\/div>\n\t\t\t<\/div>\n\t\t\t\t\t\t\t<div class=\"elementor-cta__content\">\n\t\t\t\t\n\t\t\t\t\t\t\t\t\t<span class=\"elementor-cta__title elementor-cta__content-item elementor-content-item elementor-animated-item--grow\">\n\t\t\t\t\t\tIAS 2\t\t\t\t\t<\/span>\n\t\t\t\t\n\t\t\t\t\t\t\t\t\t<div class=\"elementor-cta__description elementor-cta__content-item elementor-content-item elementor-animated-item--grow\">\n\t\t\t\t\t\tFortgeschrittene Ersthilfeausbildung f\u00fcr medizinische Notf\u00e4lle.<br><br>\t\t\t\t\t<\/div>\n\t\t\t\t\n\t\t\t\t\t\t\t\t\t<div class=\"elementor-cta__button-wrapper elementor-cta__content-item elementor-content-item elementor-animated-item--grow\">\n\t\t\t\t\t<span class=\"elementor-cta__button elementor-button elementor-size-md\">\n\t\t\t\t\t\tDetails zur Ausbildung\t\t\t\t\t<\/span>\n\t\t\t\t\t<\/div>\n\t\t\t\t\t\t\t<\/div>\n\t\t\t\t\t\t<\/a>\n\t\t\t\t\t\t<\/div>\n\t\t\t\t<\/div>\n\t\t\t\t<\/div>\n\t\t<div class=\"elementor-element elementor-element-83bf05f e-con-full e-flex e-con e-parent\" data-id=\"83bf05f\" data-element_type=\"container\" data-e-type=\"container\" data-settings=\"{&quot;background_background&quot;:&quot;classic&quot;}\">\n\t\t\t\t<div class=\"elementor-element elementor-element-0dd2d9e elementor-cta--skin-cover elementor-cta--valign-top elementor-bg-transform elementor-bg-transform-zoom-out elementor-widget__width-initial elementor-cta--sequenced-animation elementor-animated-content elementor-widget elementor-widget-call-to-action\" data-id=\"0dd2d9e\" data-element_type=\"widget\" data-e-type=\"widget\" data-widget_type=\"call-to-action.default\">\n\t\t\t\t<div class=\"elementor-widget-container\">\n\t\t\t\t\t\t\t<div class=\"elementor-cta\">\n\t\t\t\t\t<div class=\"elementor-cta__bg-wrapper\">\n\t\t\t\t<div class=\"elementor-cta__bg elementor-bg\" style=\"background-image: url(https:\/\/safetyfirst.ch\/wp-content\/uploads\/2024\/04\/SafetyFirst-Formation-BLS-AED-SRC-complet-suisse-romande.webp);\" role=\"img\" aria-label=\"SafetyFirst - Formation BLS-AED-SRC complet suisse romande\"><\/div>\n\t\t\t\t<div class=\"elementor-cta__bg-overlay\"><\/div>\n\t\t\t<\/div>\n\t\t\t\t\t\t\t<div class=\"elementor-cta__content\">\n\t\t\t\t\n\t\t\t\t\t\t\t\t\t<span class=\"elementor-cta__title elementor-cta__content-item elementor-content-item elementor-animated-item--grow\">\n\t\t\t\t\t\tBLS AED SRC\t\t\t\t\t<\/span>\n\t\t\t\t\n\t\t\t\t\t\t\t\t\t<div class=\"elementor-cta__description elementor-cta__content-item elementor-content-item elementor-animated-item--grow\">\n\t\t\t\t\t\tPraxisnahe Schulung zur Reaktion auf kardiale und zerebrale Notf\u00e4lle.<br><br>\t\t\t\t\t<\/div>\n\t\t\t\t\n\t\t\t\t\t\t\t\t\t<div class=\"elementor-cta__button-wrapper elementor-cta__content-item elementor-content-item elementor-animated-item--grow\">\n\t\t\t\t\t<a class=\"elementor-cta__button elementor-button elementor-size-md\" href=\"https:\/\/safetyfirst.ch\/de\/zertifizierte-erste-hilfe-ausbildungen\/bls-aed-src-komplettkurs\/\">\n\t\t\t\t\t\tDetails zur Ausbildung\t\t\t\t\t<\/a>\n\t\t\t\t\t<\/div>\n\t\t\t\t\t\t\t<\/div>\n\t\t\t\t\t\t<\/div>\n\t\t\t\t\t\t<\/div>\n\t\t\t\t<\/div>\n\t\t\t\t<div class=\"elementor-element elementor-element-db91db7 elementor-cta--skin-cover elementor-cta--valign-top elementor-bg-transform elementor-bg-transform-zoom-out elementor-widget__width-initial elementor-cta--sequenced-animation elementor-animated-content elementor-widget elementor-widget-call-to-action\" data-id=\"db91db7\" data-element_type=\"widget\" data-e-type=\"widget\" data-widget_type=\"call-to-action.default\">\n\t\t\t\t<div class=\"elementor-widget-container\">\n\t\t\t\t\t\t\t<div class=\"elementor-cta\">\n\t\t\t\t\t<div class=\"elementor-cta__bg-wrapper\">\n\t\t\t\t<div class=\"elementor-cta__bg elementor-bg\" style=\"background-image: url(https:\/\/safetyfirst.ch\/wp-content\/uploads\/2024\/04\/SafetyFirst-Formation-BLS-AED-SRC-Master-conforme-article-36-OLT-3-en-suisse-romande.webp);\" role=\"img\" aria-label=\"SafetyFirst - Formation BLS-AED-SRC Master conforme article 36 OLT 3 en suisse romande\"><\/div>\n\t\t\t\t<div class=\"elementor-cta__bg-overlay\"><\/div>\n\t\t\t<\/div>\n\t\t\t\t\t\t\t<div class=\"elementor-cta__content\">\n\t\t\t\t\n\t\t\t\t\t\t\t\t\t<span class=\"elementor-cta__title elementor-cta__content-item elementor-content-item elementor-animated-item--grow\">\n\t\t\t\t\t\tBLS AED SRC Trauma\t\t\t\t\t<\/span>\n\t\t\t\t\n\t\t\t\t\t\t\t\t\t<div class=\"elementor-cta__description elementor-cta__content-item elementor-content-item elementor-animated-item--grow\">\n\t\t\t\t\t\tErwerben Sie fortgeschrittene Reanimationskompetenzen zur Bew\u00e4ltigung von Notf\u00e4llen.<br><br>\t\t\t\t\t<\/div>\n\t\t\t\t\n\t\t\t\t\t\t\t\t\t<div class=\"elementor-cta__button-wrapper elementor-cta__content-item elementor-content-item elementor-animated-item--grow\">\n\t\t\t\t\t<a class=\"elementor-cta__button elementor-button elementor-size-md\" href=\"https:\/\/safetyfirst.ch\/de\/leistungskatalog\/bls-aed-src-trauma-ausbildung\/\">\n\t\t\t\t\t\tDetails zur Ausbildung\t\t\t\t\t<\/a>\n\t\t\t\t\t<\/div>\n\t\t\t\t\t\t\t<\/div>\n\t\t\t\t\t\t<\/div>\n\t\t\t\t\t\t<\/div>\n\t\t\t\t<\/div>\n\t\t\t\t<div class=\"elementor-element elementor-element-6df531c elementor-cta--skin-cover elementor-cta--valign-top elementor-bg-transform elementor-bg-transform-zoom-out elementor-widget__width-initial elementor-cta--sequenced-animation elementor-animated-content elementor-widget elementor-widget-call-to-action\" data-id=\"6df531c\" data-element_type=\"widget\" data-e-type=\"widget\" data-widget_type=\"call-to-action.default\">\n\t\t\t\t<div class=\"elementor-widget-container\">\n\t\t\t\t\t\t\t<div class=\"elementor-cta\">\n\t\t\t\t\t<div class=\"elementor-cta__bg-wrapper\">\n\t\t\t\t<div class=\"elementor-cta__bg elementor-bg\" style=\"background-image: url(https:\/\/safetyfirst.ch\/wp-content\/uploads\/2024\/03\/SafetyFirst-Sarl-Classe-de-formation-BLS-AED-certifie-SRC-Premiers-secours-suisse-romande.png);\" role=\"img\" aria-label=\"SafetyFirst-Sarl-Classe-de-formation-BLS-AED-certifie-SRC-Premiers-secours-suisse-romande.png\"><\/div>\n\t\t\t\t<div class=\"elementor-cta__bg-overlay\"><\/div>\n\t\t\t<\/div>\n\t\t\t\t\t\t\t<div class=\"elementor-cta__content\">\n\t\t\t\t\n\t\t\t\t\t\t\t\t\t<span class=\"elementor-cta__title elementor-cta__content-item elementor-content-item elementor-animated-item--grow\">\n\t\t\t\t\t\tIAS 1\t\t\t\t\t<\/span>\n\t\t\t\t\n\t\t\t\t\t\t\t\t\t<div class=\"elementor-cta__description elementor-cta__content-item elementor-content-item elementor-animated-item--grow\">\n\t\t\t\t\t\tGrundlagen der Ersten Hilfe erlernen, um Notf\u00e4lle zu bew\u00e4ltigen.<br><br>\t\t\t\t\t<\/div>\n\t\t\t\t\n\t\t\t\t\t\t\t\t\t<div class=\"elementor-cta__button-wrapper elementor-cta__content-item elementor-content-item elementor-animated-item--grow\">\n\t\t\t\t\t<a class=\"elementor-cta__button elementor-button elementor-size-md\" href=\"https:\/\/safetyfirst.ch\/de\/zertifizierte-erste-hilfe-ausbildungen\/ias-1-schulung-zertifizierung-in-notfallmanagement-und-arbeitssicherheit\/\">\n\t\t\t\t\t\tDetails zur Ausbildung\t\t\t\t\t<\/a>\n\t\t\t\t\t<\/div>\n\t\t\t\t\t\t\t<\/div>\n\t\t\t\t\t\t<\/div>\n\t\t\t\t\t\t<\/div>\n\t\t\t\t<\/div>\n\t\t\t\t<div class=\"elementor-element elementor-element-9d154e5 elementor-cta--skin-cover elementor-cta--valign-top elementor-bg-transform elementor-bg-transform-zoom-out elementor-widget__width-initial elementor-cta--sequenced-animation elementor-animated-content elementor-widget elementor-widget-call-to-action\" data-id=\"9d154e5\" data-element_type=\"widget\" data-e-type=\"widget\" data-widget_type=\"call-to-action.default\">\n\t\t\t\t<div class=\"elementor-widget-container\">\n\t\t\t\t\t\t\t<div class=\"elementor-cta\">\n\t\t\t\t\t<div class=\"elementor-cta__bg-wrapper\">\n\t\t\t\t<div class=\"elementor-cta__bg elementor-bg\" style=\"background-image: url(https:\/\/safetyfirst.ch\/wp-content\/uploads\/2024\/04\/SafetyFirst-Formation-specialisee-premiers-secours-IAS-2.jpeg);\" role=\"img\" aria-label=\"SafetyFirst - Spezialisierte Erste-Hilfe-Ausbildung IAS 2\"><\/div>\n\t\t\t\t<div class=\"elementor-cta__bg-overlay\"><\/div>\n\t\t\t<\/div>\n\t\t\t\t\t\t\t<div class=\"elementor-cta__content\">\n\t\t\t\t\n\t\t\t\t\t\t\t\t\t<span class=\"elementor-cta__title elementor-cta__content-item elementor-content-item elementor-animated-item--grow\">\n\t\t\t\t\t\tIAS 2\t\t\t\t\t<\/span>\n\t\t\t\t\n\t\t\t\t\t\t\t\t\t<div class=\"elementor-cta__description elementor-cta__content-item elementor-content-item elementor-animated-item--grow\">\n\t\t\t\t\t\tSchulung f\u00fcr Fachpersonen und Privatpersonen im Umgang mit medizinischen Notf\u00e4llen.<br><br>\t\t\t\t\t<\/div>\n\t\t\t\t\n\t\t\t\t\t\t\t\t\t<div class=\"elementor-cta__button-wrapper elementor-cta__content-item elementor-content-item elementor-animated-item--grow\">\n\t\t\t\t\t<a class=\"elementor-cta__button elementor-button elementor-size-md\" href=\"https:\/\/safetyfirst.ch\/de\/leistungskatalog\/ias-2-erste-hilfe-in-kritischen-situationen\/\">\n\t\t\t\t\t\tDetails zur Ausbildung\t\t\t\t\t<\/a>\n\t\t\t\t\t<\/div>\n\t\t\t\t\t\t\t<\/div>\n\t\t\t\t\t\t<\/div>\n\t\t\t\t\t\t<\/div>\n\t\t\t\t<\/div>\n\t\t\t\t<\/div>\n\t\t\t\t<section class=\"elementor-section elementor-top-section elementor-element elementor-element-4d9e700 elementor-section-stretched elementor-section-full_width elementor-section-height-default elementor-section-height-default\" data-id=\"4d9e700\" data-element_type=\"section\" data-e-type=\"section\" data-settings=\"{&quot;stretch_section&quot;:&quot;section-stretched&quot;}\">\n\t\t\t\t\t\t<div class=\"elementor-container elementor-column-gap-default\">\n\t\t\t\t\t<div class=\"elementor-column elementor-col-100 elementor-top-column elementor-element elementor-element-65aa6ba\" data-id=\"65aa6ba\" data-element_type=\"column\" data-e-type=\"column\">\n\t\t\t<div class=\"elementor-widget-wrap elementor-element-populated\">\n\t\t\t\t<div class=\"elementor-element elementor-element-9651677 e-flex e-con-boxed e-con e-parent\" data-id=\"9651677\" data-element_type=\"container\" data-e-type=\"container\">\n\t\t\t\t\t<div class=\"e-con-inner\">\n\t\t<div class=\"elementor-element elementor-element-de8daa5 e-con-full e-flex e-con e-child\" data-id=\"de8daa5\" data-element_type=\"container\" data-e-type=\"container\">\n\t\t\t\t<div class=\"elementor-element elementor-element-6afdb44 elementor-widget elementor-widget-image\" data-id=\"6afdb44\" data-element_type=\"widget\" data-e-type=\"widget\" data-widget_type=\"image.default\">\n\t\t\t\t<div class=\"elementor-widget-container\">\n\t\t\t\t\t\t\t\t\t\t\t\t\t\t\t<img fetchpriority=\"high\" decoding=\"async\" width=\"300\" height=\"300\" src=\"https:\/\/safetyfirst.ch\/wp-content\/uploads\/2024\/03\/SafetyFirst-Formations-interactives-en-premiers-secours-300x300.png\" class=\"attachment-thumbnail size-thumbnail wp-image-6904\" alt=\"\" srcset=\"https:\/\/safetyfirst.ch\/wp-content\/uploads\/2024\/03\/SafetyFirst-Formations-interactives-en-premiers-secours-300x300.png 300w, https:\/\/safetyfirst.ch\/wp-content\/uploads\/2024\/03\/SafetyFirst-Formations-interactives-en-premiers-secours-800x800.png 800w, https:\/\/safetyfirst.ch\/wp-content\/uploads\/2024\/03\/SafetyFirst-Formations-interactives-en-premiers-secours-500x500.png 500w, https:\/\/safetyfirst.ch\/wp-content\/uploads\/2024\/03\/SafetyFirst-Formations-interactives-en-premiers-secours-768x768.png 768w, https:\/\/safetyfirst.ch\/wp-content\/uploads\/2024\/03\/SafetyFirst-Formations-interactives-en-premiers-secours-150x150.png 150w, https:\/\/safetyfirst.ch\/wp-content\/uploads\/2024\/03\/SafetyFirst-Formations-interactives-en-premiers-secours-75x75.png 75w, https:\/\/safetyfirst.ch\/wp-content\/uploads\/2024\/03\/SafetyFirst-Formations-interactives-en-premiers-secours-480x480.png 480w, https:\/\/safetyfirst.ch\/wp-content\/uploads\/2024\/03\/SafetyFirst-Formations-interactives-en-premiers-secours.png 1000w\" sizes=\"(max-width:767px) 300px, 300px\" \/>\t\t\t\t\t\t\t\t\t\t\t\t\t\t\t<\/div>\n\t\t\t\t<\/div>\n\t\t\t\t<div class=\"elementor-element elementor-element-5bd73fd elementor-widget elementor-widget-text-editor\" data-id=\"5bd73fd\" data-element_type=\"widget\" data-e-type=\"widget\" data-widget_type=\"text-editor.default\">\n\t\t\t\t<div class=\"elementor-widget-container\">\n\t\t\t\t\t\t\t\t\t<h5 class=\"title\"><strong>Interaktive Schulungen<br> <br> <br><\/strong><\/h5>\nUnsere Schulungen verbinden Interaktivit\u00e4t und Praxis f\u00fcr ein dynamisches und motivierendes Lernerlebnis im Bereich Sicherheit.\n\t\t\t\t\t\t\t\t<\/div>\n\t\t\t\t<\/div>\n\t\t\t\t<\/div>\n\t\t<div class=\"elementor-element elementor-element-3ae0d41 e-con-full e-flex e-con e-child\" data-id=\"3ae0d41\" data-element_type=\"container\" data-e-type=\"container\">\n\t\t\t\t<div class=\"elementor-element elementor-element-49592a5 elementor-widget elementor-widget-image\" data-id=\"49592a5\" data-element_type=\"widget\" data-e-type=\"widget\" data-widget_type=\"image.default\">\n\t\t\t\t<div class=\"elementor-widget-container\">\n\t\t\t\t\t\t\t\t\t\t\t\t\t\t\t<img decoding=\"async\" width=\"300\" height=\"300\" src=\"https:\/\/safetyfirst.ch\/wp-content\/uploads\/2024\/03\/SafetyFirst-Formations-personnalisees-en-suisse-romande-300x300.png\" class=\"attachment-thumbnail size-thumbnail wp-image-6905\" alt=\"\" srcset=\"https:\/\/safetyfirst.ch\/wp-content\/uploads\/2024\/03\/SafetyFirst-Formations-personnalisees-en-suisse-romande-300x300.png 300w, https:\/\/safetyfirst.ch\/wp-content\/uploads\/2024\/03\/SafetyFirst-Formations-personnalisees-en-suisse-romande-800x800.png 800w, https:\/\/safetyfirst.ch\/wp-content\/uploads\/2024\/03\/SafetyFirst-Formations-personnalisees-en-suisse-romande-500x500.png 500w, https:\/\/safetyfirst.ch\/wp-content\/uploads\/2024\/03\/SafetyFirst-Formations-personnalisees-en-suisse-romande-768x768.png 768w, https:\/\/safetyfirst.ch\/wp-content\/uploads\/2024\/03\/SafetyFirst-Formations-personnalisees-en-suisse-romande-150x150.png 150w, https:\/\/safetyfirst.ch\/wp-content\/uploads\/2024\/03\/SafetyFirst-Formations-personnalisees-en-suisse-romande-75x75.png 75w, https:\/\/safetyfirst.ch\/wp-content\/uploads\/2024\/03\/SafetyFirst-Formations-personnalisees-en-suisse-romande-480x480.png 480w, https:\/\/safetyfirst.ch\/wp-content\/uploads\/2024\/03\/SafetyFirst-Formations-personnalisees-en-suisse-romande.png 1000w\" sizes=\"(max-width:767px) 300px, 300px\" \/>\t\t\t\t\t\t\t\t\t\t\t\t\t\t\t<\/div>\n\t\t\t\t<\/div>\n\t\t\t\t<div class=\"elementor-element elementor-element-2ced76b elementor-widget elementor-widget-text-editor\" data-id=\"2ced76b\" data-element_type=\"widget\" data-e-type=\"widget\" data-widget_type=\"text-editor.default\">\n\t\t\t\t<div class=\"elementor-widget-container\">\n\t\t\t\t\t\t\t\t\t<h5 class=\"title\"><strong>Personalisierte Schulungen<\/strong><\/h5>\nWir respektieren Ihre Zeit: Unsere Schulungen richten sich nach Ihren Verf\u00fcgbarkeiten und gew\u00e4hrleisten die Kontinuit\u00e4t Ihrer T\u00e4tigkeit.\t\t\t\t\t\t\t\t<\/div>\n\t\t\t\t<\/div>\n\t\t\t\t<\/div>\n\t\t<div class=\"elementor-element elementor-element-e3f90f0 e-con-full e-flex e-con e-child\" data-id=\"e3f90f0\" data-element_type=\"container\" data-e-type=\"container\">\n\t\t\t\t<div class=\"elementor-element elementor-element-25bb6fd elementor-widget elementor-widget-image\" data-id=\"25bb6fd\" data-element_type=\"widget\" data-e-type=\"widget\" data-widget_type=\"image.default\">\n\t\t\t\t<div class=\"elementor-widget-container\">\n\t\t\t\t\t\t\t\t\t\t\t\t\t\t\t<img decoding=\"async\" width=\"300\" height=\"300\" src=\"https:\/\/safetyfirst.ch\/wp-content\/uploads\/2024\/03\/SafetyFirst-Formations-certifiantes-pour-le-BLS-AED-SRC-IAS-et-OACP-en-suisse-romande-300x300.png\" class=\"attachment-thumbnail size-thumbnail wp-image-6906\" alt=\"\" srcset=\"https:\/\/safetyfirst.ch\/wp-content\/uploads\/2024\/03\/SafetyFirst-Formations-certifiantes-pour-le-BLS-AED-SRC-IAS-et-OACP-en-suisse-romande-300x300.png 300w, https:\/\/safetyfirst.ch\/wp-content\/uploads\/2024\/03\/SafetyFirst-Formations-certifiantes-pour-le-BLS-AED-SRC-IAS-et-OACP-en-suisse-romande-800x800.png 800w, https:\/\/safetyfirst.ch\/wp-content\/uploads\/2024\/03\/SafetyFirst-Formations-certifiantes-pour-le-BLS-AED-SRC-IAS-et-OACP-en-suisse-romande-500x500.png 500w, https:\/\/safetyfirst.ch\/wp-content\/uploads\/2024\/03\/SafetyFirst-Formations-certifiantes-pour-le-BLS-AED-SRC-IAS-et-OACP-en-suisse-romande-768x768.png 768w, https:\/\/safetyfirst.ch\/wp-content\/uploads\/2024\/03\/SafetyFirst-Formations-certifiantes-pour-le-BLS-AED-SRC-IAS-et-OACP-en-suisse-romande-150x150.png 150w, https:\/\/safetyfirst.ch\/wp-content\/uploads\/2024\/03\/SafetyFirst-Formations-certifiantes-pour-le-BLS-AED-SRC-IAS-et-OACP-en-suisse-romande-75x75.png 75w, https:\/\/safetyfirst.ch\/wp-content\/uploads\/2024\/03\/SafetyFirst-Formations-certifiantes-pour-le-BLS-AED-SRC-IAS-et-OACP-en-suisse-romande-480x480.png 480w, https:\/\/safetyfirst.ch\/wp-content\/uploads\/2024\/03\/SafetyFirst-Formations-certifiantes-pour-le-BLS-AED-SRC-IAS-et-OACP-en-suisse-romande.png 1000w\" sizes=\"(max-width:767px) 300px, 300px\" \/>\t\t\t\t\t\t\t\t\t\t\t\t\t\t\t<\/div>\n\t\t\t\t<\/div>\n\t\t\t\t<div class=\"elementor-element elementor-element-859d028 elementor-widget elementor-widget-text-editor\" data-id=\"859d028\" data-element_type=\"widget\" data-e-type=\"widget\" data-widget_type=\"text-editor.default\">\n\t\t\t\t<div class=\"elementor-widget-container\">\n\t\t\t\t\t\t\t\t\t<h5 class=\"title\"><strong>Zertifizierende Schulungen<\/strong><\/h5><p>Wir integrieren internationale Sicherheitsstandards, pr\u00e4zise abgestimmt auf die lokalen Besonderheiten Ihres Unternehmens.<\/p>\t\t\t\t\t\t\t\t<\/div>\n\t\t\t\t<\/div>\n\t\t\t\t<\/div>\n\t\t\t\t\t<\/div>\n\t\t\t\t<\/div>\n\t\t\t\t\t<\/div>\n\t\t<\/div>\n\t\t\t\t\t<\/div>\n\t\t<\/section>\n\t\t<div class=\"elementor-element elementor-element-2128f9e e-flex e-con-boxed e-con e-parent\" data-id=\"2128f9e\" data-element_type=\"container\" data-e-type=\"container\">\n\t\t\t\t\t<div class=\"e-con-inner\">\n\t\t\t\t<div class=\"elementor-element elementor-element-fe52479 elementor-widget-divider--view-line elementor-widget elementor-widget-divider\" data-id=\"fe52479\" data-element_type=\"widget\" data-e-type=\"widget\" data-widget_type=\"divider.default\">\n\t\t\t\t<div class=\"elementor-widget-container\">\n\t\t\t\t\t\t\t<div class=\"elementor-divider\">\n\t\t\t<span class=\"elementor-divider-separator\">\n\t\t\t\t\t\t<\/span>\n\t\t<\/div>\n\t\t\t\t\t\t<\/div>\n\t\t\t\t<\/div>\n\t\t\t\t<div class=\"elementor-element elementor-element-6ed5790 elementor-widget elementor-widget-heading\" data-id=\"6ed5790\" data-element_type=\"widget\" data-e-type=\"widget\" data-widget_type=\"heading.default\">\n\t\t\t\t<div class=\"elementor-widget-container\">\n\t\t\t\t\t<h2 class=\"elementor-heading-title elementor-size-default\">Weitere Schulungen entdecken<\/h2>\t\t\t\t<\/div>\n\t\t\t\t<\/div>\n\t\t\t\t<div class=\"elementor-element elementor-element-8accf09 elementor-widget elementor-widget-text-editor\" data-id=\"8accf09\" data-element_type=\"widget\" data-e-type=\"widget\" data-widget_type=\"text-editor.default\">\n\t\t\t\t<div class=\"elementor-widget-container\">\n\t\t\t\t\t\t\t\t\t<p style=\"text-align: center;\">Ein umfassendes Angebot an Schulungen zur Vertiefung Ihrer Kenntnisse in Sicherheit und Erster Hilfe.<br><br><\/p>\t\t\t\t\t\t\t\t<\/div>\n\t\t\t\t<\/div>\n\t\t\t\t\t<\/div>\n\t\t\t\t<\/div>\n\t\t<div class=\"elementor-element elementor-element-9830948 e-con-full e-flex e-con e-parent\" data-id=\"9830948\" data-element_type=\"container\" data-e-type=\"container\" data-settings=\"{&quot;background_background&quot;:&quot;classic&quot;}\">\n\t\t\t\t<div class=\"elementor-element elementor-element-44c6bc9 elementor-cta--skin-cover elementor-cta--valign-top elementor-bg-transform elementor-bg-transform-zoom-out elementor-widget__width-initial elementor-cta--sequenced-animation elementor-animated-content elementor-invisible elementor-widget elementor-widget-call-to-action\" data-id=\"44c6bc9\" data-element_type=\"widget\" data-e-type=\"widget\" data-settings=\"{&quot;_animation&quot;:&quot;slideInLeft&quot;}\" data-widget_type=\"call-to-action.default\">\n\t\t\t\t<div class=\"elementor-widget-container\">\n\t\t\t\t\t\t\t<div class=\"elementor-cta\">\n\t\t\t\t\t<div class=\"elementor-cta__bg-wrapper\">\n\t\t\t\t<div class=\"elementor-cta__bg elementor-bg\" style=\"background-image: url(https:\/\/safetyfirst.ch\/wp-content\/uploads\/2024\/05\/SafetyFirst-Formation-en-suisse-romande-aux-premiers-secours-pediatriques.png);\" role=\"img\" aria-label=\"SafetyFirst - Formation en suisse romande aux premiers secours p\u00e9diatriques\"><\/div>\n\t\t\t\t<div class=\"elementor-cta__bg-overlay\"><\/div>\n\t\t\t<\/div>\n\t\t\t\t\t\t\t<div class=\"elementor-cta__content\">\n\t\t\t\t\n\t\t\t\t\t\t\t\t\t<span class=\"elementor-cta__title elementor-cta__content-item elementor-content-item elementor-animated-item--grow\">\n\t\t\t\t\t\tP\u00e4diatrische Erste Hilfe\t\t\t\t\t<\/span>\n\t\t\t\t\n\t\t\t\t\t\t\t\t\t<div class=\"elementor-cta__description elementor-cta__content-item elementor-content-item elementor-animated-item--grow\">\n\t\t\t\t\t\tLernen Sie die lebensrettenden Ma\u00dfnahmen f\u00fcr Kinder.<br><br>\t\t\t\t\t<\/div>\n\t\t\t\t\n\t\t\t\t\t\t\t\t\t<div class=\"elementor-cta__button-wrapper elementor-cta__content-item elementor-content-item elementor-animated-item--grow\">\n\t\t\t\t\t<a class=\"elementor-cta__button elementor-button elementor-size-md\" href=\"https:\/\/safetyfirst.ch\/de\/leistungskatalog\/erste-hilfe-fuer-kinder\/\">\n\t\t\t\t\t\tDetails zur Ausbildung\t\t\t\t\t<\/a>\n\t\t\t\t\t<\/div>\n\t\t\t\t\t\t\t<\/div>\n\t\t\t\t\t\t<\/div>\n\t\t\t\t\t\t<\/div>\n\t\t\t\t<\/div>\n\t\t\t\t<div class=\"elementor-element elementor-element-4e5edae elementor-cta--skin-cover elementor-cta--valign-top elementor-bg-transform elementor-bg-transform-zoom-out elementor-widget__width-initial elementor-cta--sequenced-animation elementor-animated-content elementor-invisible elementor-widget elementor-widget-call-to-action\" data-id=\"4e5edae\" data-element_type=\"widget\" data-e-type=\"widget\" data-settings=\"{&quot;_animation&quot;:&quot;fadeIn&quot;,&quot;_animation_delay&quot;:1000}\" data-widget_type=\"call-to-action.default\">\n\t\t\t\t<div class=\"elementor-widget-container\">\n\t\t\t\t\t\t\t<div class=\"elementor-cta\">\n\t\t\t\t\t<div class=\"elementor-cta__bg-wrapper\">\n\t\t\t\t<div class=\"elementor-cta__bg elementor-bg\" style=\"background-image: url(https:\/\/safetyfirst.ch\/wp-content\/uploads\/2024\/05\/SafetyFirst-Formation-suisse-romande-aux-premiers-secours-tactiques.png);\" role=\"img\" aria-label=\"SafetyFirst - Formation suisse romande aux premiers secours tactiques\"><\/div>\n\t\t\t\t<div class=\"elementor-cta__bg-overlay\"><\/div>\n\t\t\t<\/div>\n\t\t\t\t\t\t\t<div class=\"elementor-cta__content\">\n\t\t\t\t\n\t\t\t\t\t\t\t\t\t<span class=\"elementor-cta__title elementor-cta__content-item elementor-content-item elementor-animated-item--grow\">\n\t\t\t\t\t\tTaktische Erste Hilfe\t\t\t\t\t<\/span>\n\t\t\t\t\n\t\t\t\t\t\t\t\t\t<div class=\"elementor-cta__description elementor-cta__content-item elementor-content-item elementor-animated-item--grow\">\n\t\t\t\t\t\tKrisensituationen effektiv bew\u00e4ltigen.<br><br>\t\t\t\t\t<\/div>\n\t\t\t\t\n\t\t\t\t\t\t\t\t\t<div class=\"elementor-cta__button-wrapper elementor-cta__content-item elementor-content-item elementor-animated-item--grow\">\n\t\t\t\t\t<a class=\"elementor-cta__button elementor-button elementor-size-md\" href=\"https:\/\/safetyfirst.ch\/?page_id=2193\">\n\t\t\t\t\t\tDetails zur Ausbildung\t\t\t\t\t<\/a>\n\t\t\t\t\t<\/div>\n\t\t\t\t\t\t\t<\/div>\n\t\t\t\t\t\t<\/div>\n\t\t\t\t\t\t<\/div>\n\t\t\t\t<\/div>\n\t\t\t\t<div class=\"elementor-element elementor-element-79c3bf4 elementor-cta--skin-cover elementor-cta--valign-top elementor-bg-transform elementor-bg-transform-zoom-out elementor-widget__width-initial elementor-cta--sequenced-animation elementor-animated-content elementor-invisible elementor-widget elementor-widget-call-to-action\" data-id=\"79c3bf4\" data-element_type=\"widget\" data-e-type=\"widget\" data-settings=\"{&quot;_animation&quot;:&quot;fadeIn&quot;,&quot;_animation_delay&quot;:1200}\" data-widget_type=\"call-to-action.default\">\n\t\t\t\t<div class=\"elementor-widget-container\">\n\t\t\t\t\t\t\t<div class=\"elementor-cta\">\n\t\t\t\t\t<div class=\"elementor-cta__bg-wrapper\">\n\t\t\t\t<div class=\"elementor-cta__bg elementor-bg\" style=\"background-image: url(https:\/\/safetyfirst.ch\/wp-content\/uploads\/2024\/05\/SafetyFirst-Formation-a-la-protection-anti-incendie.png);\" role=\"img\" aria-label=\"SafetyFirst - Formation \u00e0 la protection anti-incendie\"><\/div>\n\t\t\t\t<div class=\"elementor-cta__bg-overlay\"><\/div>\n\t\t\t<\/div>\n\t\t\t\t\t\t\t<div class=\"elementor-cta__content\">\n\t\t\t\t\n\t\t\t\t\t\t\t\t\t<span class=\"elementor-cta__title elementor-cta__content-item elementor-content-item elementor-animated-item--grow\">\n\t\t\t\t\t\tBrandschutzschulung\t\t\t\t\t<\/span>\n\t\t\t\t\n\t\t\t\t\t\t\t\t\t<div class=\"elementor-cta__description elementor-cta__content-item elementor-content-item elementor-animated-item--grow\">\n\t\t\t\t\t\tEffektives Reagieren auf Br\u00e4nde und den Einsatz von Feuerl\u00f6schern erlernen.<br><br>\t\t\t\t\t<\/div>\n\t\t\t\t\n\t\t\t\t\t\t\t\t\t<div class=\"elementor-cta__button-wrapper elementor-cta__content-item elementor-content-item elementor-animated-item--grow\">\n\t\t\t\t\t<a class=\"elementor-cta__button elementor-button elementor-size-md\" href=\"https:\/\/safetyfirst.ch\/de\/leistungskatalog\/brandschutzschulung-ausruestung-und-sicherheitshinweise\/\">\n\t\t\t\t\t\tDetails zur Ausbildung\t\t\t\t\t<\/a>\n\t\t\t\t\t<\/div>\n\t\t\t\t\t\t\t<\/div>\n\t\t\t\t\t\t<\/div>\n\t\t\t\t\t\t<\/div>\n\t\t\t\t<\/div>\n\t\t\t\t<div class=\"elementor-element elementor-element-d17547c elementor-cta--skin-cover elementor-cta--valign-top elementor-bg-transform elementor-bg-transform-zoom-out elementor-widget__width-initial elementor-cta--sequenced-animation elementor-animated-content elementor-invisible elementor-widget elementor-widget-call-to-action\" data-id=\"d17547c\" data-element_type=\"widget\" data-e-type=\"widget\" data-settings=\"{&quot;_animation&quot;:&quot;fadeIn&quot;,&quot;_animation_delay&quot;:1400}\" data-widget_type=\"call-to-action.default\">\n\t\t\t\t<div class=\"elementor-widget-container\">\n\t\t\t\t\t\t\t<div class=\"elementor-cta\">\n\t\t\t\t\t<div class=\"elementor-cta__bg-wrapper\">\n\t\t\t\t<div class=\"elementor-cta__bg elementor-bg\" style=\"background-image: url(https:\/\/safetyfirst.ch\/wp-content\/uploads\/2024\/04\/SafetyFirst-Optimisation-du-potentiel-des-performances-et-du-bien-etre-professionnel-dans-les-entreprises-de-suisse.png);\" role=\"img\" aria-label=\"SafetyFirst - Optimisation du potentiel, des performances et du bien-etre professionnel dans les entreprises de suisse\"><\/div>\n\t\t\t\t<div class=\"elementor-cta__bg-overlay\"><\/div>\n\t\t\t<\/div>\n\t\t\t\t\t\t\t<div class=\"elementor-cta__content\">\n\t\t\t\t\n\t\t\t\t\t\t\t\t\t<span class=\"elementor-cta__title elementor-cta__content-item elementor-content-item elementor-animated-item--grow\">\n\t\t\t\t\t\tPotenzialoptimierung\t\t\t\t\t<\/span>\n\t\t\t\t\n\t\t\t\t\t\t\t\t\t<div class=\"elementor-cta__description elementor-cta__content-item elementor-content-item elementor-animated-item--grow\">\n\t\t\t\t\t\tLeistung und Wohlbefinden verbessern.<br> <br><br><br>\t\t\t\t\t<\/div>\n\t\t\t\t\n\t\t\t\t\t\t\t\t\t<div class=\"elementor-cta__button-wrapper elementor-cta__content-item elementor-content-item elementor-animated-item--grow\">\n\t\t\t\t\t<a class=\"elementor-cta__button elementor-button elementor-size-md\" href=\"https:\/\/safetyfirst.ch\/de\/leistungskatalog\/optimierung-des-potenzials\/\">\n\t\t\t\t\t\tDetails zur Ausbildung\t\t\t\t\t<\/a>\n\t\t\t\t\t<\/div>\n\t\t\t\t\t\t\t<\/div>\n\t\t\t\t\t\t<\/div>\n\t\t\t\t\t\t<\/div>\n\t\t\t\t<\/div>\n\t\t\t\t<\/div>\n\t\t<div class=\"elementor-element elementor-element-77c3a53 e-con-full e-flex e-con e-parent\" data-id=\"77c3a53\" data-element_type=\"container\" data-e-type=\"container\" data-settings=\"{&quot;background_background&quot;:&quot;classic&quot;}\">\n\t\t\t\t<div class=\"elementor-element elementor-element-c100703 elementor-cta--skin-cover elementor-cta--valign-top elementor-bg-transform elementor-bg-transform-zoom-out elementor-widget__width-initial elementor-cta--sequenced-animation elementor-animated-content elementor-invisible elementor-widget elementor-widget-call-to-action\" data-id=\"c100703\" data-element_type=\"widget\" data-e-type=\"widget\" data-settings=\"{&quot;_animation&quot;:&quot;fadeIn&quot;,&quot;_animation_delay&quot;:2000}\" data-widget_type=\"call-to-action.default\">\n\t\t\t\t<div class=\"elementor-widget-container\">\n\t\t\t\t\t\t\t<div class=\"elementor-cta\">\n\t\t\t\t\t<div class=\"elementor-cta__bg-wrapper\">\n\t\t\t\t<div class=\"elementor-cta__bg elementor-bg\" style=\"background-image: url(https:\/\/safetyfirst.ch\/wp-content\/uploads\/2024\/04\/SafetyFirst-Formation-professionnelle-aux-risques-psychosociaux-au-travail.jpeg);\" role=\"img\" aria-label=\"SafetyFirst - Formation professionnelle aux risques psychosociaux au travail\"><\/div>\n\t\t\t\t<div class=\"elementor-cta__bg-overlay\"><\/div>\n\t\t\t<\/div>\n\t\t\t\t\t\t\t<div class=\"elementor-cta__content\">\n\t\t\t\t\n\t\t\t\t\t\t\t\t\t<span class=\"elementor-cta__title elementor-cta__content-item elementor-content-item elementor-animated-item--grow\">\n\t\t\t\t\t\tErste Hilfe f\u00fcr psychische Gesundheit\t\t\t\t\t<\/span>\n\t\t\t\t\n\t\t\t\t\t\t\t\t\t<div class=\"elementor-cta__description elementor-cta__content-item elementor-content-item elementor-animated-item--grow\">\n\t\t\t\t\t\tGrundlagen der psychologischen Ersten Hilfe.<br><br>\t\t\t\t\t<\/div>\n\t\t\t\t\n\t\t\t\t\t\t\t\t\t<div class=\"elementor-cta__button-wrapper elementor-cta__content-item elementor-content-item elementor-animated-item--grow\">\n\t\t\t\t\t<a class=\"elementor-cta__button elementor-button elementor-size-md\" href=\"https:\/\/safetyfirst.ch\/de\/leistungskatalog\/zertifizierte-erste-hilfe-ausbildung-fuer-psychische-gesundheit-ensa\/\">\n\t\t\t\t\t\tDetails zur Ausbildung\t\t\t\t\t<\/a>\n\t\t\t\t\t<\/div>\n\t\t\t\t\t\t\t<\/div>\n\t\t\t\t\t\t<\/div>\n\t\t\t\t\t\t<\/div>\n\t\t\t\t<\/div>\n\t\t\t\t<div class=\"elementor-element elementor-element-2422bd2 elementor-cta--skin-cover elementor-cta--valign-top elementor-bg-transform elementor-bg-transform-zoom-out elementor-widget__width-initial elementor-cta--sequenced-animation elementor-animated-content elementor-invisible elementor-widget elementor-widget-call-to-action\" data-id=\"2422bd2\" data-element_type=\"widget\" data-e-type=\"widget\" data-settings=\"{&quot;_animation&quot;:&quot;fadeIn&quot;,&quot;_animation_delay&quot;:1800}\" data-widget_type=\"call-to-action.default\">\n\t\t\t\t<div class=\"elementor-widget-container\">\n\t\t\t\t\t\t\t<div class=\"elementor-cta\">\n\t\t\t\t\t<div class=\"elementor-cta__bg-wrapper\">\n\t\t\t\t<div class=\"elementor-cta__bg elementor-bg\" style=\"background-image: url(https:\/\/safetyfirst.ch\/wp-content\/uploads\/2024\/05\/SafetyFirst-Formation-a-la-gestion-des-conflits-et-violences.png);\" role=\"img\" aria-label=\"SafetyFirst - Formation \u00e0 la gestion des conflits et violences\"><\/div>\n\t\t\t\t<div class=\"elementor-cta__bg-overlay\"><\/div>\n\t\t\t<\/div>\n\t\t\t\t\t\t\t<div class=\"elementor-cta__content\">\n\t\t\t\t\n\t\t\t\t\t\t\t\t\t<span class=\"elementor-cta__title elementor-cta__content-item elementor-content-item elementor-animated-item--grow\">\n\t\t\t\t\t\tKonfliktmanagement\t\t\t\t\t<\/span>\n\t\t\t\t\n\t\t\t\t\t\t\t\t\t<div class=\"elementor-cta__description elementor-cta__content-item elementor-content-item elementor-animated-item--grow\">\n\t\t\t\t\t\tEffektives L\u00f6sen von Konflikten erlernen.<br><br>\t\t\t\t\t<\/div>\n\t\t\t\t\n\t\t\t\t\t\t\t\t\t<div class=\"elementor-cta__button-wrapper elementor-cta__content-item elementor-content-item elementor-animated-item--grow\">\n\t\t\t\t\t<a class=\"elementor-cta__button elementor-button elementor-size-md\" href=\"https:\/\/safetyfirst.ch\/de\/?page_id=6941\">\n\t\t\t\t\t\tDetails zur Ausbildung\t\t\t\t\t<\/a>\n\t\t\t\t\t<\/div>\n\t\t\t\t\t\t\t<\/div>\n\t\t\t\t\t\t<\/div>\n\t\t\t\t\t\t<\/div>\n\t\t\t\t<\/div>\n\t\t\t\t<div class=\"elementor-element elementor-element-5168496 elementor-cta--skin-cover elementor-cta--valign-top elementor-bg-transform elementor-bg-transform-zoom-out elementor-widget__width-initial elementor-cta--sequenced-animation elementor-animated-content elementor-invisible elementor-widget elementor-widget-call-to-action\" data-id=\"5168496\" data-element_type=\"widget\" data-e-type=\"widget\" data-settings=\"{&quot;_animation&quot;:&quot;fadeIn&quot;,&quot;_animation_delay&quot;:1800}\" data-widget_type=\"call-to-action.default\">\n\t\t\t\t<div class=\"elementor-widget-container\">\n\t\t\t\t\t\t\t<div class=\"elementor-cta\">\n\t\t\t\t\t<div class=\"elementor-cta__bg-wrapper\">\n\t\t\t\t<div class=\"elementor-cta__bg elementor-bg\" style=\"background-image: url(https:\/\/safetyfirst.ch\/wp-content\/uploads\/2024\/04\/SafetyFirst-Autodefense-feminine.jpeg);\" role=\"img\" aria-label=\"Formation auto-d\u00e9fense f\u00e9minine\"><\/div>\n\t\t\t\t<div class=\"elementor-cta__bg-overlay\"><\/div>\n\t\t\t<\/div>\n\t\t\t\t\t\t\t<div class=\"elementor-cta__content\">\n\t\t\t\t\n\t\t\t\t\t\t\t\t\t<span class=\"elementor-cta__title elementor-cta__content-item elementor-content-item elementor-animated-item--grow\">\n\t\t\t\t\t\tSelbstverteidigung f\u00fcr Frauen\t\t\t\t\t<\/span>\n\t\t\t\t\n\t\t\t\t\t\t\t\t\t<div class=\"elementor-cta__description elementor-cta__content-item elementor-content-item elementor-animated-item--grow\">\n\t\t\t\t\t\tSt\u00e4rken Sie Ihr Selbstvertrauen und Ihre Sicherheit.<br><br>\t\t\t\t\t<\/div>\n\t\t\t\t\n\t\t\t\t\t\t\t\t\t<div class=\"elementor-cta__button-wrapper elementor-cta__content-item elementor-content-item elementor-animated-item--grow\">\n\t\t\t\t\t<a class=\"elementor-cta__button elementor-button elementor-size-md\" href=\"https:\/\/safetyfirst.ch\/de\/leistungskatalog\/selbstverteidigung-fuer-frauen\/\">\n\t\t\t\t\t\tDetails zur Ausbildung\t\t\t\t\t<\/a>\n\t\t\t\t\t<\/div>\n\t\t\t\t\t\t\t<\/div>\n\t\t\t\t\t\t<\/div>\n\t\t\t\t\t\t<\/div>\n\t\t\t\t<\/div>\n\t\t\t\t<div class=\"elementor-element elementor-element-d9ecbd5 elementor-cta--skin-cover elementor-cta--valign-top elementor-bg-transform elementor-bg-transform-zoom-out elementor-widget__width-initial elementor-cta--sequenced-animation elementor-animated-content elementor-invisible elementor-widget elementor-widget-call-to-action\" data-id=\"d9ecbd5\" data-element_type=\"widget\" data-e-type=\"widget\" data-settings=\"{&quot;_animation&quot;:&quot;fadeIn&quot;,&quot;_animation_delay&quot;:1600}\" data-widget_type=\"call-to-action.default\">\n\t\t\t\t<div class=\"elementor-widget-container\">\n\t\t\t\t\t\t\t<div class=\"elementor-cta\">\n\t\t\t\t\t<div class=\"elementor-cta__bg-wrapper\">\n\t\t\t\t<div class=\"elementor-cta__bg elementor-bg\" style=\"background-image: url(https:\/\/safetyfirst.ch\/wp-content\/uploads\/2024\/05\/SafetyFirst-Sarl-Presentation-de-lentreprise.png);\" role=\"img\" aria-label=\"SafetyFirst Erste-Hilfe-Ausbildungszentrum\"><\/div>\n\t\t\t\t<div class=\"elementor-cta__bg-overlay\"><\/div>\n\t\t\t<\/div>\n\t\t\t\t\t\t\t<div class=\"elementor-cta__content\">\n\t\t\t\t\n\t\t\t\t\t\t\t\t\t<span class=\"elementor-cta__title elementor-cta__content-item elementor-content-item elementor-animated-item--grow\">\n\t\t\t\t\t\tIndividuelle Schulung\t\t\t\t\t<\/span>\n\t\t\t\t\n\t\t\t\t\t\t\t\t\t<div class=\"elementor-cta__description elementor-cta__content-item elementor-content-item elementor-animated-item--grow\">\n\t\t\t\t\t\tW\u00e4hlen Sie eine ma\u00dfgeschneiderte Ausbildung.<br><br>\t\t\t\t\t<\/div>\n\t\t\t\t\n\t\t\t\t\t\t\t\t\t<div class=\"elementor-cta__button-wrapper elementor-cta__content-item elementor-content-item elementor-animated-item--grow\">\n\t\t\t\t\t<a class=\"elementor-cta__button elementor-button elementor-size-md\" href=\"https:\/\/safetyfirst.ch\/de\/kontakt\/\">\n\t\t\t\t\t\tKontaktieren Sie uns\t\t\t\t\t<\/a>\n\t\t\t\t\t<\/div>\n\t\t\t\t\t\t\t<\/div>\n\t\t\t\t\t\t<\/div>\n\t\t\t\t\t\t<\/div>\n\t\t\t\t<\/div>\n\t\t\t\t<\/div>\n\t\t\t\t<section class=\"elementor-section elementor-top-section elementor-element elementor-element-b9f77e1 elementor-section-stretched elementor-section-boxed elementor-section-height-default elementor-section-height-default\" data-id=\"b9f77e1\" data-element_type=\"section\" data-e-type=\"section\" data-settings=\"{&quot;stretch_section&quot;:&quot;section-stretched&quot;}\">\n\t\t\t\t\t\t<div class=\"elementor-container elementor-column-gap-default\">\n\t\t\t\t\t<div class=\"elementor-column elementor-col-100 elementor-top-column elementor-element elementor-element-ecccb40\" data-id=\"ecccb40\" data-element_type=\"column\" data-e-type=\"column\">\n\t\t\t<div class=\"elementor-widget-wrap elementor-element-populated\">\n\t\t\t\t<div class=\"elementor-element elementor-element-793a805 e-flex e-con-boxed e-con e-parent\" data-id=\"793a805\" data-element_type=\"container\" data-e-type=\"container\">\n\t\t\t\t\t<div class=\"e-con-inner\">\n\t\t<div class=\"elementor-element elementor-element-2e3ec97 e-con-full e-flex e-con e-child\" data-id=\"2e3ec97\" data-element_type=\"container\" data-e-type=\"container\">\n\t\t\t\t<div class=\"elementor-element elementor-element-c52c852 elementor-widget elementor-widget-image\" data-id=\"c52c852\" data-element_type=\"widget\" data-e-type=\"widget\" data-widget_type=\"image.default\">\n\t\t\t\t<div class=\"elementor-widget-container\">\n\t\t\t\t\t\t\t\t\t\t\t\t\t\t\t<img decoding=\"async\" src=\"\/wp-content\/uploads\/2024\/02\/SafetyFirst.ch-Formations-de-qualites-basees-sur-les-normes-et-pratiques-en-matieres-de-securite-Suisse.png\" title=\"\" alt=\"\" loading=\"lazy\" \/>\t\t\t\t\t\t\t\t\t\t\t\t\t\t\t<\/div>\n\t\t\t\t<\/div>\n\t\t\t\t<div class=\"elementor-element elementor-element-1c7a03e elementor-widget elementor-widget-text-editor\" data-id=\"1c7a03e\" data-element_type=\"widget\" data-e-type=\"widget\" data-widget_type=\"text-editor.default\">\n\t\t\t\t<div class=\"elementor-widget-container\">\n\t\t\t\t\t\t\t\t\t<h5 class=\"title\"><strong>Qualit\u00e4t<\/strong><\/h5><p>Leistungen basierend auf den neuesten Sicherheitsnormen und -praktiken.<\/p>\t\t\t\t\t\t\t\t<\/div>\n\t\t\t\t<\/div>\n\t\t\t\t<\/div>\n\t\t<div class=\"elementor-element elementor-element-ca122e2 e-con-full e-flex e-con e-child\" data-id=\"ca122e2\" data-element_type=\"container\" data-e-type=\"container\">\n\t\t\t\t<div class=\"elementor-element elementor-element-ae2f8ef elementor-widget elementor-widget-image\" data-id=\"ae2f8ef\" data-element_type=\"widget\" data-e-type=\"widget\" data-widget_type=\"image.default\">\n\t\t\t\t<div class=\"elementor-widget-container\">\n\t\t\t\t\t\t\t\t\t\t\t\t\t\t\t<img decoding=\"async\" src=\"\/wp-content\/uploads\/2024\/02\/SafetyFirst.ch-Offres-adaptees-a-toutes-les-tailles-dentreprises-et-a-tous-les-secteurs-dactivites.png\" title=\"\" alt=\"\" loading=\"lazy\" \/>\t\t\t\t\t\t\t\t\t\t\t\t\t\t\t<\/div>\n\t\t\t\t<\/div>\n\t\t\t\t<div class=\"elementor-element elementor-element-ad0f579 elementor-widget elementor-widget-text-editor\" data-id=\"ad0f579\" data-element_type=\"widget\" data-e-type=\"widget\" data-widget_type=\"text-editor.default\">\n\t\t\t\t<div class=\"elementor-widget-container\">\n\t\t\t\t\t\t\t\t\t<h5 class=\"title\"><strong>Zug\u00e4nglichkeit<\/strong><\/h5>\nAngebote, die an alle Unternehmensgr\u00f6\u00dfen und Branchen angepasst sind.\t\t\t\t\t\t\t\t<\/div>\n\t\t\t\t<\/div>\n\t\t\t\t<\/div>\n\t\t<div class=\"elementor-element elementor-element-89f8491 e-con-full e-flex e-con e-child\" data-id=\"89f8491\" data-element_type=\"container\" data-e-type=\"container\">\n\t\t\t\t<div class=\"elementor-element elementor-element-418a26c elementor-widget elementor-widget-image\" data-id=\"418a26c\" data-element_type=\"widget\" data-e-type=\"widget\" data-widget_type=\"image.default\">\n\t\t\t\t<div class=\"elementor-widget-container\">\n\t\t\t\t\t\t\t\t\t\t\t\t\t\t\t<img decoding=\"async\" src=\"\/wp-content\/uploads\/2024\/02\/SafetyFirst.ch-Support-continu-et-accompagnement-apres-formation-en-suisse.png\" title=\"\" alt=\"\" loading=\"lazy\" \/>\t\t\t\t\t\t\t\t\t\t\t\t\t\t\t<\/div>\n\t\t\t\t<\/div>\n\t\t\t\t<div class=\"elementor-element elementor-element-761a097 elementor-widget elementor-widget-text-editor\" data-id=\"761a097\" data-element_type=\"widget\" data-e-type=\"widget\" data-widget_type=\"text-editor.default\">\n\t\t\t\t<div class=\"elementor-widget-container\">\n\t\t\t\t\t\t\t\t\t<h5 class=\"title\"><strong>Kontinuit\u00e4t<\/strong><\/h5><p>Begleitung nach unseren Leistungen, um die nachhaltige Beherrschung des Wissens sicherzustellen.<\/p>\t\t\t\t\t\t\t\t<\/div>\n\t\t\t\t<\/div>\n\t\t\t\t<\/div>\n\t\t\t\t\t<\/div>\n\t\t\t\t<\/div>\n\t\t\t\t\t<\/div>\n\t\t<\/div>\n\t\t\t\t\t<\/div>\n\t\t<\/section>\n\t\t<div class=\"elementor-element elementor-element-d7832ad e-flex e-con-boxed e-con e-parent\" data-id=\"d7832ad\" data-element_type=\"container\" data-e-type=\"container\">\n\t\t\t\t\t<div class=\"e-con-inner\">\n\t\t\t\t<div class=\"elementor-element elementor-element-0cbaf9e elementor-widget-divider--view-line elementor-widget elementor-widget-divider\" data-id=\"0cbaf9e\" data-element_type=\"widget\" data-e-type=\"widget\" data-widget_type=\"divider.default\">\n\t\t\t\t<div class=\"elementor-widget-container\">\n\t\t\t\t\t\t\t<div class=\"elementor-divider\">\n\t\t\t<span class=\"elementor-divider-separator\">\n\t\t\t\t\t\t<\/span>\n\t\t<\/div>\n\t\t\t\t\t\t<\/div>\n\t\t\t\t<\/div>\n\t\t\t\t<div class=\"elementor-element elementor-element-87f38ab elementor-widget elementor-widget-heading\" data-id=\"87f38ab\" data-element_type=\"widget\" data-e-type=\"widget\" data-widget_type=\"heading.default\">\n\t\t\t\t<div class=\"elementor-widget-container\">\n\t\t\t\t\t<h2 class=\"elementor-heading-title elementor-size-default\">Konzepte und Audits<\/h2>\t\t\t\t<\/div>\n\t\t\t\t<\/div>\n\t\t\t\t<div class=\"elementor-element elementor-element-854cf41 elementor-widget elementor-widget-text-editor\" data-id=\"854cf41\" data-element_type=\"widget\" data-e-type=\"widget\" data-widget_type=\"text-editor.default\">\n\t\t\t\t<div class=\"elementor-widget-container\">\n\t\t\t\t\t\t\t\t\t<p style=\"text-align: center;\">Ein umfassendes Angebot an Konzepten und Audits zur St\u00e4rkung Ihrer Kompetenz in Gesundheit und Sicherheit am Arbeitsplatz.<br> <br><\/p>\t\t\t\t\t\t\t\t<\/div>\n\t\t\t\t<\/div>\n\t\t\t\t\t<\/div>\n\t\t\t\t<\/div>\n\t\t<div class=\"elementor-element elementor-element-3a6db62 e-con-full e-flex e-con e-parent\" data-id=\"3a6db62\" data-element_type=\"container\" data-e-type=\"container\" data-settings=\"{&quot;background_background&quot;:&quot;classic&quot;}\">\n\t\t\t\t<div class=\"elementor-element elementor-element-6e8647f elementor-cta--skin-cover elementor-cta--valign-top elementor-bg-transform elementor-bg-transform-zoom-out elementor-widget__width-initial elementor-cta--sequenced-animation elementor-animated-content elementor-widget elementor-widget-call-to-action\" data-id=\"6e8647f\" data-element_type=\"widget\" data-e-type=\"widget\" data-widget_type=\"call-to-action.default\">\n\t\t\t\t<div class=\"elementor-widget-container\">\n\t\t\t\t\t\t\t<div class=\"elementor-cta\">\n\t\t\t\t\t<div class=\"elementor-cta__bg-wrapper\">\n\t\t\t\t<div class=\"elementor-cta__bg elementor-bg\" style=\"background-image: url(https:\/\/safetyfirst.ch\/wp-content\/uploads\/2024\/04\/SafetyFirst-Formation-et-prevention-en-cas-evacuation-de-batiment-en-suisse-romande.png);\" role=\"img\" aria-label=\"SafetyFirst - Formation et pr\u00e9vention en cas \u00e9vacuation de b\u00e2timent en suisse romande\"><\/div>\n\t\t\t\t<div class=\"elementor-cta__bg-overlay\"><\/div>\n\t\t\t<\/div>\n\t\t\t\t\t\t\t<div class=\"elementor-cta__content\">\n\t\t\t\t\n\t\t\t\t\t\t\t\t\t<span class=\"elementor-cta__title elementor-cta__content-item elementor-content-item elementor-animated-item--grow\">\n\t\t\t\t\t\tEvakuierungskonzept\t\t\t\t\t<\/span>\n\t\t\t\t\n\t\t\t\t\t\t\t\t\t<div class=\"elementor-cta__description elementor-cta__content-item elementor-content-item elementor-animated-item--grow\">\n\t\t\t\t\t\tOptimieren Sie Ihre Evakuierungsabl\u00e4ufe.<br><br>\t\t\t\t\t<\/div>\n\t\t\t\t\n\t\t\t\t\t\t\t\t\t<div class=\"elementor-cta__button-wrapper elementor-cta__content-item elementor-content-item elementor-animated-item--grow\">\n\t\t\t\t\t<a class=\"elementor-cta__button elementor-button elementor-size-md\" href=\"https:\/\/safetyfirst.ch\/de\/leistungskatalog\/schulung-zur-evakuierung-von-gebaeuden\/\">\n\t\t\t\t\t\tDetails zum Evakuierungskonzept<br> <br>\t\t\t\t\t<\/a>\n\t\t\t\t\t<\/div>\n\t\t\t\t\t\t\t<\/div>\n\t\t\t\t\t\t<\/div>\n\t\t\t\t\t\t<\/div>\n\t\t\t\t<\/div>\n\t\t\t\t<div class=\"elementor-element elementor-element-e4ea116 elementor-cta--skin-cover elementor-cta--valign-top elementor-bg-transform elementor-bg-transform-zoom-out elementor-widget__width-initial elementor-cta--sequenced-animation elementor-animated-content elementor-widget elementor-widget-call-to-action\" data-id=\"e4ea116\" data-element_type=\"widget\" data-e-type=\"widget\" data-widget_type=\"call-to-action.default\">\n\t\t\t\t<div class=\"elementor-widget-container\">\n\t\t\t\t\t\t\t<div class=\"elementor-cta\">\n\t\t\t\t\t<div class=\"elementor-cta__bg-wrapper\">\n\t\t\t\t<div class=\"elementor-cta__bg elementor-bg\" style=\"background-image: url(https:\/\/safetyfirst.ch\/wp-content\/uploads\/2024\/04\/SafetyFirst-Concept-sante-et-securite-au-travail.png);\" role=\"img\" aria-label=\"ASA-Konzept\"><\/div>\n\t\t\t\t<div class=\"elementor-cta__bg-overlay\"><\/div>\n\t\t\t<\/div>\n\t\t\t\t\t\t\t<div class=\"elementor-cta__content\">\n\t\t\t\t\n\t\t\t\t\t\t\t\t\t<span class=\"elementor-cta__title elementor-cta__content-item elementor-content-item elementor-animated-item--grow\">\n\t\t\t\t\t\tKonzept f\u00fcr Sicherheit und Gesundheitsschutz am Arbeitsplatz\t\t\t\t\t<\/span>\n\t\t\t\t\n\t\t\t\t\t\t\t\t\t<div class=\"elementor-cta__description elementor-cta__content-item elementor-content-item elementor-animated-item--grow\">\n\t\t\t\t\t\tWirksame pr\u00e4ventive Systeme einf\u00fchren.<br><br>\n\t\t\t\t\t<\/div>\n\t\t\t\t\n\t\t\t\t\t\t\t\t\t<div class=\"elementor-cta__button-wrapper elementor-cta__content-item elementor-content-item elementor-animated-item--grow\">\n\t\t\t\t\t<a class=\"elementor-cta__button elementor-button elementor-size-md\" href=\"\/prestations\/concept-sante-securite-travail\/\">\n\t\t\t\t\t\tDetails zum MSST-Konzept\t\t\t\t\t<\/a>\n\t\t\t\t\t<\/div>\n\t\t\t\t\t\t\t<\/div>\n\t\t\t\t\t\t<\/div>\n\t\t\t\t\t\t<\/div>\n\t\t\t\t<\/div>\n\t\t\t\t<div class=\"elementor-element elementor-element-fd7fe9d elementor-cta--skin-cover elementor-cta--valign-top elementor-bg-transform elementor-bg-transform-zoom-out elementor-widget__width-initial elementor-cta--sequenced-animation elementor-animated-content elementor-widget elementor-widget-call-to-action\" data-id=\"fd7fe9d\" data-element_type=\"widget\" data-e-type=\"widget\" data-widget_type=\"call-to-action.default\">\n\t\t\t\t<div class=\"elementor-widget-container\">\n\t\t\t\t\t\t\t<div class=\"elementor-cta\">\n\t\t\t\t\t<div class=\"elementor-cta__bg-wrapper\">\n\t\t\t\t<div class=\"elementor-cta__bg elementor-bg\" style=\"background-image: url(https:\/\/safetyfirst.ch\/wp-content\/uploads\/2024\/04\/SafetyFirst-Audit-initial-sante-et-securite-au-travail.png);\" role=\"img\" aria-label=\"MSST-Audit\"><\/div>\n\t\t\t\t<div class=\"elementor-cta__bg-overlay\"><\/div>\n\t\t\t<\/div>\n\t\t\t\t\t\t\t<div class=\"elementor-cta__content\">\n\t\t\t\t\n\t\t\t\t\t\t\t\t\t<span class=\"elementor-cta__title elementor-cta__content-item elementor-content-item elementor-animated-item--grow\">\n\t\t\t\t\t\tErst-Audit ASGS\t\t\t\t\t<\/span>\n\t\t\t\t\n\t\t\t\t\t\t\t\t\t<div class=\"elementor-cta__description elementor-cta__content-item elementor-content-item elementor-animated-item--grow\">\n\t\t\t\t\t\tSicherheit am Arbeitsplatz beurteilen und st\u00e4rken.<br><br>\t\t\t\t\t<\/div>\n\t\t\t\t\n\t\t\t\t\t\t\t\t\t<div class=\"elementor-cta__button-wrapper elementor-cta__content-item elementor-content-item elementor-animated-item--grow\">\n\t\t\t\t\t<a class=\"elementor-cta__button elementor-button elementor-size-md\" href=\"\/prestations\/audit-initial-sante-securite-au-travail\/\">\n\t\t\t\t\t\tDetails zum SST-Audit\t\t\t\t\t<\/a>\n\t\t\t\t\t<\/div>\n\t\t\t\t\t\t\t<\/div>\n\t\t\t\t\t\t<\/div>\n\t\t\t\t\t\t<\/div>\n\t\t\t\t<\/div>\n\t\t\t\t<div class=\"elementor-element elementor-element-b40afb8 elementor-cta--skin-cover elementor-cta--valign-top elementor-bg-transform elementor-bg-transform-zoom-out elementor-widget__width-initial elementor-cta--sequenced-animation elementor-animated-content elementor-widget elementor-widget-call-to-action\" data-id=\"b40afb8\" data-element_type=\"widget\" data-e-type=\"widget\" data-widget_type=\"call-to-action.default\">\n\t\t\t\t<div class=\"elementor-widget-container\">\n\t\t\t\t\t\t\t<div class=\"elementor-cta\">\n\t\t\t\t\t<div class=\"elementor-cta__bg-wrapper\">\n\t\t\t\t<div class=\"elementor-cta__bg elementor-bg\" style=\"background-image: url(https:\/\/safetyfirst.ch\/wp-content\/uploads\/2024\/05\/SafetFirst-Sarl-Logo-de-lentreprise.png);\" role=\"img\" aria-label=\"SafetFirst-Sarl-Logo de l&#039;entreprise\"><\/div>\n\t\t\t\t<div class=\"elementor-cta__bg-overlay\"><\/div>\n\t\t\t<\/div>\n\t\t\t\t\t\t\t<div class=\"elementor-cta__content\">\n\t\t\t\t\n\t\t\t\t\t\t\t\t\t<span class=\"elementor-cta__title elementor-cta__content-item elementor-content-item elementor-animated-item--grow\">\n\t\t\t\t\t\tPersonalisierte Audits und Konzepte\t\t\t\t\t<\/span>\n\t\t\t\t\n\t\t\t\t\t\t\t\t\t<div class=\"elementor-cta__description elementor-cta__content-item elementor-content-item elementor-animated-item--grow\">\n\t\t\t\t\t\tWeitere Informationen f\u00fcr eine auf Ihre Bed\u00fcrfnisse abgestimmte L\u00f6sung erhalten.<br><br>\t\t\t\t\t<\/div>\n\t\t\t\t\n\t\t\t\t\t\t\t\t\t<div class=\"elementor-cta__button-wrapper elementor-cta__content-item elementor-content-item elementor-animated-item--grow\">\n\t\t\t\t\t<a class=\"elementor-cta__button elementor-button elementor-size-md\" href=\"https:\/\/safetyfirst.ch\/de\/kontakt\/\">\n\t\t\t\t\t\tKontakt mit unserem Team aufnehmen\t\t\t\t\t<\/a>\n\t\t\t\t\t<\/div>\n\t\t\t\t\t\t\t<\/div>\n\t\t\t\t\t\t<\/div>\n\t\t\t\t\t\t<\/div>\n\t\t\t\t<\/div>\n\t\t\t\t<\/div>\n\t\t<div class=\"elementor-element elementor-element-e6ab141 e-flex e-con-boxed e-con e-parent\" data-id=\"e6ab141\" data-element_type=\"container\" data-e-type=\"container\" data-settings=\"{&quot;background_background&quot;:&quot;classic&quot;}\">\n\t\t\t\t\t<div class=\"e-con-inner\">\n\t\t\t\t<div class=\"elementor-element elementor-element-121ee46 elementor-widget__width-inherit elementor-widget elementor-widget-shortcode\" data-id=\"121ee46\" data-element_type=\"widget\" data-e-type=\"widget\" data-widget_type=\"shortcode.default\">\n\t\t\t\t<div class=\"elementor-widget-container\">\n\t\t\t\t\t\t\t<div class=\"elementor-shortcode\">\t\t<div data-elementor-type=\"container\" data-elementor-id=\"7105\" class=\"elementor elementor-7105 elementor-1928 elementor-1928\" data-elementor-post-type=\"elementor_library\">\n\t\t\t\t<div class=\"elementor-element elementor-element-10333c15 e-con-full e-flex e-con e-parent\" data-id=\"10333c15\" data-element_type=\"container\" data-e-type=\"container\" id=\"contact\" data-settings=\"{&quot;background_background&quot;:&quot;gradient&quot;}\">\n\t\t<div class=\"elementor-element elementor-element-8a64382 e-con-full e-flex e-con e-child\" data-id=\"8a64382\" data-element_type=\"container\" data-e-type=\"container\">\n\t\t\t\t<div class=\"elementor-element elementor-element-77a9fccc elementor-widget elementor-widget-text-editor\" data-id=\"77a9fccc\" data-element_type=\"widget\" data-e-type=\"widget\" data-widget_type=\"text-editor.default\">\n\t\t\t\t<div class=\"elementor-widget-container\">\n\t\t\t\t\t\t\t\t\t<p>Wie k\u00f6nnen wir Ihnen weiterhelfen?<\/p>\t\t\t\t\t\t\t\t<\/div>\n\t\t\t\t<\/div>\n\t\t\t\t<div class=\"elementor-element elementor-element-ee51322 elementor-widget elementor-widget-heading\" data-id=\"ee51322\" data-element_type=\"widget\" data-e-type=\"widget\" data-widget_type=\"heading.default\">\n\t\t\t\t<div class=\"elementor-widget-container\">\n\t\t\t\t\t<h5 class=\"elementor-heading-title elementor-size-default\">Wir unterst\u00fctzen Sie mit einer pers\u00f6nlichen Beratung.<br>F\u00fcllen Sie dieses Formular aus, und unser Team f\u00fchrt Sie zur optimalen L\u00f6sung, die Ihren Anforderungen entspricht.<\/h5>\t\t\t\t<\/div>\n\t\t\t\t<\/div>\n\t\t\t\t<div class=\"elementor-element elementor-element-2781e6f1 elementor-tablet-button-align-stretch elementor-button-align-stretch elementor-widget elementor-widget-form\" data-id=\"2781e6f1\" data-element_type=\"widget\" data-e-type=\"widget\" data-settings=\"{&quot;step_next_label&quot;:&quot;Weiter&quot;,&quot;step_previous_label&quot;:&quot;Zur\\u00fcck&lt;br&gt;&quot;,&quot;button_width&quot;:&quot;30&quot;,&quot;button_width_tablet&quot;:&quot;33&quot;,&quot;step_type&quot;:&quot;number_text&quot;,&quot;step_icon_shape&quot;:&quot;circle&quot;}\" data-widget_type=\"form.default\">\n\t\t\t\t<div class=\"elementor-widget-container\">\n\t\t\t\t\t\t\t<form class=\"elementor-form\" method=\"post\" name=\"Kontakt 1.01 BLS\/AED-SRC Ausbildung&lt;br&gt;\" novalidate=\"\">\n\t\t\t<input type=\"hidden\" name=\"post_id\" value=\"7105\"\/>\n\t\t\t<input type=\"hidden\" name=\"form_id\" value=\"2781e6f1\"\/>\n\t\t\t<input type=\"hidden\" name=\"referer_title\" value=\"BLS-AED lebensrettende Massnahmen \u2022 Kurze und praktische Schulung | SafetyFirst\" \/>\n\n\t\t\t\t\t\t\t<input type=\"hidden\" name=\"queried_id\" value=\"6816\"\/>\n\t\t\t\n\t\t\t<div class=\"elementor-form-fields-wrapper elementor-labels-\">\n\t\t\t\t\t\t\t\t<div class=\"elementor-field-type-text elementor-field-group elementor-column elementor-field-group-name elementor-col-40 elementor-field-required\">\n\t\t\t\t\t\t\t\t\t\t\t\t<label for=\"form-field-name\" class=\"elementor-field-label elementor-screen-only\">\n\t\t\t\t\t\t\t\tVorname\t\t\t\t\t\t\t<\/label>\n\t\t\t\t\t\t\t\t\t\t\t\t\t\t<input size=\"1\" type=\"text\" name=\"form_fields[name]\" id=\"form-field-name\" class=\"elementor-field elementor-size-md  elementor-field-textual\" placeholder=\"Vorname*\" required=\"required\">\n\t\t\t\t\t\t\t\t\t\t\t<\/div>\n\t\t\t\t\t\t\t\t<div class=\"elementor-field-type-text elementor-field-group elementor-column elementor-field-group-field_424ad9d elementor-col-60 elementor-field-required\">\n\t\t\t\t\t\t\t\t\t\t\t\t<label for=\"form-field-field_424ad9d\" class=\"elementor-field-label elementor-screen-only\">\n\t\t\t\t\t\t\t\tNachname\t\t\t\t\t\t\t<\/label>\n\t\t\t\t\t\t\t\t\t\t\t\t\t\t<input size=\"1\" type=\"text\" name=\"form_fields[field_424ad9d]\" id=\"form-field-field_424ad9d\" class=\"elementor-field elementor-size-md  elementor-field-textual\" placeholder=\"Nachname*\" required=\"required\">\n\t\t\t\t\t\t\t\t\t\t\t<\/div>\n\t\t\t\t\t\t\t\t<div class=\"elementor-field-type-email elementor-field-group elementor-column elementor-field-group-email elementor-col-50 elementor-field-required\">\n\t\t\t\t\t\t\t\t\t\t\t\t<label for=\"form-field-email\" class=\"elementor-field-label elementor-screen-only\">\n\t\t\t\t\t\t\t\tE-mail\t\t\t\t\t\t\t<\/label>\n\t\t\t\t\t\t\t\t\t\t\t\t\t\t<input size=\"1\" type=\"email\" name=\"form_fields[email]\" id=\"form-field-email\" class=\"elementor-field elementor-size-md  elementor-field-textual\" placeholder=\"E-mail*\" required=\"required\">\n\t\t\t\t\t\t\t\t\t\t\t<\/div>\n\t\t\t\t\t\t\t\t<div class=\"elementor-field-type-tel elementor-field-group elementor-column elementor-field-group-field_461777e elementor-col-50 elementor-field-required\">\n\t\t\t\t\t\t\t\t\t\t\t\t<label for=\"form-field-field_461777e\" class=\"elementor-field-label elementor-screen-only\">\n\t\t\t\t\t\t\t\tTelefon\t\t\t\t\t\t\t<\/label>\n\t\t\t\t\t\t\t\t<input size=\"1\" type=\"tel\" name=\"form_fields[field_461777e]\" id=\"form-field-field_461777e\" class=\"elementor-field elementor-size-md  elementor-field-textual\" placeholder=\"Telefon*\" required=\"required\" pattern=\"[0-9()#&amp;+*-=.]+\" title=\"Nur Nummern oder Telefon-Zeichen (#, -, *, etc) werden akzeptiert.\">\n\n\t\t\t\t\t\t<\/div>\n\t\t\t\t\t\t\t\t<div class=\"elementor-field-type-textarea elementor-field-group elementor-column elementor-field-group-field_f81f79e elementor-col-100\">\n\t\t\t\t\t\t\t\t\t\t\t\t<label for=\"form-field-field_f81f79e\" class=\"elementor-field-label elementor-screen-only\">\n\t\t\t\t\t\t\t\tNachricht\t\t\t\t\t\t\t<\/label>\n\t\t\t\t\t\t<textarea class=\"elementor-field-textual elementor-field  elementor-size-md\" name=\"form_fields[field_f81f79e]\" id=\"form-field-field_f81f79e\" rows=\"4\" placeholder=\"Message\"><\/textarea>\t\t\t\t<\/div>\n\t\t\t\t\t\t\t\t<div class=\"elementor-field-type-recaptcha_v3 elementor-field-group elementor-column elementor-field-group-field_0e7cbaa elementor-col-100 recaptcha_v3-bottomright\">\n\t\t\t\t\t<div class=\"elementor-field\" id=\"form-field-field_0e7cbaa\"><div class=\"elementor-g-recaptcha\" data-sitekey=\"6LenDlssAAAAAHFk6EJH2Z4UmL2WaGF2ulXzMDAJ\" data-type=\"v3\" data-action=\"Form\" data-badge=\"bottomright\" data-size=\"invisible\"><\/div><\/div>\t\t\t\t<\/div>\n\t\t\t\t\t\t\t\t<div class=\"elementor-field-type-text\">\n\t\t\t\t\t<input size=\"1\" type=\"text\" name=\"form_fields[field_7e50a9c]\" id=\"form-field-field_7e50a9c\" class=\"elementor-field elementor-size-md \" style=\"display:none !important;\">\t\t\t\t<\/div>\n\t\t\t\t\t\t\t\t<div class=\"elementor-field-group elementor-column elementor-field-type-submit elementor-col-30 e-form__buttons elementor-md-33\">\n\t\t\t\t\t<button class=\"elementor-button elementor-size-md\" type=\"submit\" id=\"submit-button\">\n\t\t\t\t\t\t<span class=\"elementor-button-content-wrapper\">\n\t\t\t\t\t\t\t\t\t\t\t\t\t\t\t<span class=\"elementor-button-icon\">\n\t\t\t\t\t\t\t\t\t<svg aria-hidden=\"true\" class=\"e-font-icon-svg e-fas-long-arrow-alt-right\" viewBox=\"0 0 448 512\" xmlns=\"http:\/\/www.w3.org\/2000\/svg\"><path d=\"M313.941 216H12c-6.627 0-12 5.373-12 12v56c0 6.627 5.373 12 12 12h301.941v46.059c0 21.382 25.851 32.09 40.971 16.971l86.059-86.059c9.373-9.373 9.373-24.569 0-33.941l-86.059-86.059c-15.119-15.119-40.971-4.411-40.971 16.971V216z\"><\/path><\/svg>\t\t\t\t\t\t\t\t\t\t\t\t\t\t\t\t\t<\/span>\n\t\t\t\t\t\t\t\t\t\t\t\t\t\t\t\t\t\t\t\t\t\t<span class=\"elementor-button-text\">Senden<\/span>\n\t\t\t\t\t\t\t\t\t\t\t\t\t<\/span>\n\t\t\t\t\t<\/button>\n\t\t\t\t<\/div>\n\t\t\t<\/div>\n\t\t<\/form>\n\t\t\t\t\t\t<\/div>\n\t\t\t\t<\/div>\n\t\t\t\t<div class=\"elementor-element elementor-element-13b0c6b elementor-widget elementor-widget-html\" data-id=\"13b0c6b\" data-element_type=\"widget\" data-e-type=\"widget\" data-widget_type=\"html.default\">\n\t\t\t\t<div class=\"elementor-widget-container\">\n\t\t\t\t\t<script>document.getElementById('submit-button').addEventListener('click', function() {\r\n    gtag_report_conversion();\r\n});\r\n\r\nfunction gtag_report_conversion(url) {\r\n  var callback = function () {\r\n    if (typeof(url) != 'undefined') {\r\n      window.location = url;\r\n    }\r\n  };\r\n  gtag('event', 'conversion', {\r\n      'send_to': 'AW-11428718928\/0dkZCOjDgIcZENDS0ckq',  <!-- Remplacez AW-XXXXXX\/YYYYYY par votre ID et libell\u00e9 de conversion Google Ads -->'event_callback': callback\r\n  });\r\n  return false;\r\n}\r\n<\/script>\t\t\t\t<\/div>\n\t\t\t\t<\/div>\n\t\t\t\t<\/div>\n\t\t<div class=\"elementor-element elementor-element-c4b51fe e-con-full elementor-hidden-tablet elementor-hidden-mobile e-flex e-con e-child\" data-id=\"c4b51fe\" data-element_type=\"container\" data-e-type=\"container\">\n\t\t\t\t<div class=\"elementor-element elementor-element-40615caf elementor-invisible elementor-widget elementor-widget-image\" data-id=\"40615caf\" data-element_type=\"widget\" data-e-type=\"widget\" data-settings=\"{&quot;motion_fx_motion_fx_scrolling&quot;:&quot;yes&quot;,&quot;motion_fx_translateX_effect&quot;:&quot;yes&quot;,&quot;motion_fx_translateX_speed&quot;:{&quot;unit&quot;:&quot;px&quot;,&quot;size&quot;:0.5,&quot;sizes&quot;:[]},&quot;_animation&quot;:&quot;fadeIn&quot;,&quot;_animation_delay&quot;:200,&quot;motion_fx_translateY_effect&quot;:&quot;yes&quot;,&quot;motion_fx_translateY_speed&quot;:{&quot;unit&quot;:&quot;px&quot;,&quot;size&quot;:1.5,&quot;sizes&quot;:[]},&quot;motion_fx_translateY_affectedRange&quot;:{&quot;unit&quot;:&quot;%&quot;,&quot;size&quot;:&quot;&quot;,&quot;sizes&quot;:{&quot;start&quot;:0,&quot;end&quot;:100}},&quot;motion_fx_translateX_affectedRange&quot;:{&quot;unit&quot;:&quot;%&quot;,&quot;size&quot;:&quot;&quot;,&quot;sizes&quot;:{&quot;start&quot;:0,&quot;end&quot;:100}},&quot;motion_fx_devices&quot;:[&quot;desktop&quot;,&quot;tablet&quot;,&quot;mobile&quot;]}\" data-widget_type=\"image.default\">\n\t\t\t\t<div class=\"elementor-widget-container\">\n\t\t\t\t\t\t\t\t\t\t\t\t\t\t\t<img loading=\"lazy\" decoding=\"async\" width=\"1000\" height=\"1000\" src=\"https:\/\/safetyfirst.ch\/wp-content\/uploads\/2024\/06\/SafetFirst-Sarl-Logo-entreprise.png\" class=\"attachment-large size-large wp-image-6748\" alt=\"\" srcset=\"https:\/\/safetyfirst.ch\/wp-content\/uploads\/2024\/06\/SafetFirst-Sarl-Logo-entreprise.png 1000w, https:\/\/safetyfirst.ch\/wp-content\/uploads\/2024\/06\/SafetFirst-Sarl-Logo-entreprise-800x800.png 800w, https:\/\/safetyfirst.ch\/wp-content\/uploads\/2024\/06\/SafetFirst-Sarl-Logo-entreprise-300x300.png 300w, https:\/\/safetyfirst.ch\/wp-content\/uploads\/2024\/06\/SafetFirst-Sarl-Logo-entreprise-500x500.png 500w, https:\/\/safetyfirst.ch\/wp-content\/uploads\/2024\/06\/SafetFirst-Sarl-Logo-entreprise-768x768.png 768w, https:\/\/safetyfirst.ch\/wp-content\/uploads\/2024\/06\/SafetFirst-Sarl-Logo-entreprise-150x150.png 150w, https:\/\/safetyfirst.ch\/wp-content\/uploads\/2024\/06\/SafetFirst-Sarl-Logo-entreprise-75x75.png 75w, https:\/\/safetyfirst.ch\/wp-content\/uploads\/2024\/06\/SafetFirst-Sarl-Logo-entreprise-480x480.png 480w\" sizes=\"(max-width:767px) 480px, (max-width:1000px) 100vw, 1000px\" \/>\t\t\t\t\t\t\t\t\t\t\t\t\t\t\t<\/div>\n\t\t\t\t<\/div>\n\t\t\t\t<\/div>\n\t\t\t\t<\/div>\n\t\t\t\t<\/div>\n\t\t<\/div>\n\t\t\t\t\t\t<\/div>\n\t\t\t\t<\/div>\n\t\t\t\t\t<\/div>\n\t\t\t\t<\/div>\n\t\t\t\t<\/div>\n\t\t","protected":false},"excerpt":{"rendered":"<p>Formationen Ein umfassendes Angebot an Schulungen zur Vertiefung Ihrer Kenntnisse in Sicherheit und Erster Hilfe. BLS AED SRC Lernen Sie Reanimation und Defibrillation mit zertifizierten SRC-Experten. Details zur Ausbildung IAS 1 Erlernen Sie den effizienten Umgang mit Notf\u00e4llen und Erster Hilfe. Details zur Ausbildung BLS AED SRC Trauma Praxisnahe Schulung<span class=\"excerpt-hellip\"> [\u2026]<\/span><\/p>\n","protected":false},"author":5,"featured_media":0,"parent":0,"menu_order":0,"comment_status":"closed","ping_status":"closed","template":"","meta":{"footnotes":""},"folder":[],"class_list":["post-7124","page","type-page","status-publish","hentry"],"_links":{"self":[{"href":"https:\/\/safetyfirst.ch\/de\/wp-json\/wp\/v2\/pages\/7124","targetHints":{"allow":["GET"]}}],"collection":[{"href":"https:\/\/safetyfirst.ch\/de\/wp-json\/wp\/v2\/pages"}],"about":[{"href":"https:\/\/safetyfirst.ch\/de\/wp-json\/wp\/v2\/types\/page"}],"author":[{"embeddable":true,"href":"https:\/\/safetyfirst.ch\/de\/wp-json\/wp\/v2\/users\/5"}],"replies":[{"embeddable":true,"href":"https:\/\/safetyfirst.ch\/de\/wp-json\/wp\/v2\/comments?post=7124"}],"version-history":[{"count":1,"href":"https:\/\/safetyfirst.ch\/de\/wp-json\/wp\/v2\/pages\/7124\/revisions"}],"predecessor-version":[{"id":7133,"href":"https:\/\/safetyfirst.ch\/de\/wp-json\/wp\/v2\/pages\/7124\/revisions\/7133"}],"wp:attachment":[{"href":"https:\/\/safetyfirst.ch\/de\/wp-json\/wp\/v2\/media?parent=7124"}],"wp:term":[{"taxonomy":"folder","embeddable":true,"href":"https:\/\/safetyfirst.ch\/de\/wp-json\/wp\/v2\/folder?post=7124"}],"curies":[{"name":"wp","href":"https:\/\/api.w.org\/{rel}","templated":true}]}}